{"id":1703336,"date":"2024-06-11T10:11:28","date_gmt":"2024-06-11T08:11:28","guid":{"rendered":"https:\/\/bbies.fr\/couches-lavables\/?post_type=product&#038;p=1703336"},"modified":"2026-04-25T17:48:48","modified_gmt":"2026-04-25T15:48:48","slug":"sac-baguette-conservation-zero-dechet","status":"publish","type":"product","link":"https:\/\/bbies.fr\/couches-lavables\/boutique\/sac-baguette-conservation-zero-dechet\/","title":{"rendered":"Sac baguette &#8211; Conservation Z\u00e9ro d\u00e9chet"},"content":{"rendered":"<p>[et_pb_section fb_built=\u00a0\u00bb1&Prime; _builder_version=\u00a0\u00bb4.16&Prime; background_image=\u00a0\u00bbhttps:\/\/bbies.fr\/couches-lavables\/wp-content\/uploads\/2019\/11\/rond-fond.jpg\u00a0\u00bb background_size=\u00a0\u00bbinitial\u00a0\u00bb custom_padding=\u00a0\u00bb84px||||false|false\u00a0\u00bb global_colors_info=\u00a0\u00bb{}\u00a0\u00bb][et_pb_row column_structure=\u00a0\u00bb1_2,1_2&Prime; _builder_version=\u00a0\u00bb4.16&Prime; background_color=\u00a0\u00bb#ffffff\u00a0\u00bb background_size=\u00a0\u00bbinitial\u00a0\u00bb background_position=\u00a0\u00bbtop_left\u00a0\u00bb background_repeat=\u00a0\u00bbrepeat\u00a0\u00bb width=\u00a0\u00bb100%\u00a0\u00bb custom_margin=\u00a0\u00bb|424px||auto|false|false\u00a0\u00bb custom_padding=\u00a0\u00bb122px||||false|false\u00a0\u00bb global_colors_info=\u00a0\u00bb{}\u00a0\u00bb][et_pb_column type=\u00a0\u00bb1_2&Prime; _builder_version=\u00a0\u00bb4.16&Prime; custom_padding=\u00a0\u00bb|||\u00a0\u00bb global_colors_info=\u00a0\u00bb{}\u00a0\u00bb custom_padding__hover=\u00a0\u00bb|||\u00a0\u00bb][et_pb_wc_images show_sale_badge=\u00a0\u00bboff\u00a0\u00bb sale_badge_color=\u00a0\u00bb#9ACEA7&Prime; _builder_version=\u00a0\u00bb4.16&Prime; background_color=\u00a0\u00bb#ffffff\u00a0\u00bb module_alignment=\u00a0\u00bbcenter\u00a0\u00bb animation_style=\u00a0\u00bbbounce\u00a0\u00bb link_option_url_new_window=\u00a0\u00bbon\u00a0\u00bb global_colors_info=\u00a0\u00bb{}\u00a0\u00bb][\/et_pb_wc_images][\/et_pb_column][et_pb_column type=\u00a0\u00bb1_2&Prime; _builder_version=\u00a0\u00bb4.16&Prime; custom_padding=\u00a0\u00bb|||\u00a0\u00bb global_colors_info=\u00a0\u00bb{}\u00a0\u00bb custom_padding__hover=\u00a0\u00bb|||\u00a0\u00bb][et_pb_wc_title _builder_version=\u00a0\u00bb4.16&Prime; header_font=\u00a0\u00bbPoppins||||||||\u00a0\u00bb header_text_color=\u00a0\u00bbrgba(0,0,0,0.58)\u00a0\u00bb header_line_height=\u00a0\u00bb1.1em\u00a0\u00bb custom_padding=\u00a0\u00bb|||26px||\u00a0\u00bb global_colors_info=\u00a0\u00bb{}\u00a0\u00bb][\/et_pb_wc_title][et_pb_wc_rating admin_label=\u00a0\u00bbWoo Rating\u00a0\u00bb _builder_version=\u00a0\u00bb4.16&Prime; global_colors_info=\u00a0\u00bb{}\u00a0\u00bb][\/et_pb_wc_rating][et_pb_wc_price _builder_version=\u00a0\u00bb4.16&Prime; body_font=\u00a0\u00bbPoppins|300|||||||\u00a0\u00bb body_text_color=\u00a0\u00bb#006277&Prime; body_font_size=\u00a0\u00bb22px\u00a0\u00bb body_line_height=\u00a0\u00bb1.6em\u00a0\u00bb before_sale_price_font=\u00a0\u00bbPoppins||||||||\u00a0\u00bb before_sale_price_text_color=\u00a0\u00bbrgba(0,0,0,0.77)\u00a0\u00bb sale_price_font=\u00a0\u00bbPoppins|700|||||||\u00a0\u00bb sale_price_font_size=\u00a0\u00bb38px\u00a0\u00bb text_orientation=\u00a0\u00bbleft\u00a0\u00bb custom_padding=\u00a0\u00bb|||33px||\u00a0\u00bb animation_style=\u00a0\u00bbbounce\u00a0\u00bb global_colors_info=\u00a0\u00bb{}\u00a0\u00bb][\/et_pb_wc_price][et_pb_wc_description description_type_last_edited=\u00a0\u00bboff|desktop\u00a0\u00bb _builder_version=\u00a0\u00bb4.16&Prime; body_font=\u00a0\u00bbPoppins|300|||||||\u00a0\u00bb body_font_size=\u00a0\u00bb15px\u00a0\u00bb body_letter_spacing=\u00a0\u00bb1px\u00a0\u00bb header_font=\u00a0\u00bbPoppins|300|||||||\u00a0\u00bb header_letter_spacing=\u00a0\u00bb2px\u00a0\u00bb custom_padding=\u00a0\u00bb|||36px||\u00a0\u00bb global_colors_info=\u00a0\u00bb{}\u00a0\u00bb description_type__hover_enabled=\u00a0\u00bboff|desktop\u00a0\u00bb][\/et_pb_wc_description][et_pb_wc_add_to_cart _builder_version=\u00a0\u00bb4.16&Prime; fields_background_color=\u00a0\u00bb#006277&Prime; field_label_font=\u00a0\u00bbPoppins|700|||||||\u00a0\u00bb field_label_text_color=\u00a0\u00bb#F39093&Prime; fields_font=\u00a0\u00bbPoppins||||||||\u00a0\u00bb fields_font_size=\u00a0\u00bb27px\u00a0\u00bb custom_button=\u00a0\u00bbon\u00a0\u00bb button_text_color=\u00a0\u00bb#F39093&Prime; custom_padding=\u00a0\u00bb|||25px||\u00a0\u00bb animation_style=\u00a0\u00bbbounce\u00a0\u00bb border_width_all_fields=\u00a0\u00bb1px\u00a0\u00bb box_shadow_style_fields=\u00a0\u00bbpreset4&Prime; box_shadow_horizontal_fields=\u00a0\u00bb-4px\u00a0\u00bb box_shadow_color_fields=\u00a0\u00bb#ffffff\u00a0\u00bb body_font=\u00a0\u00bbPoppins|700|||||||\u00a0\u00bb body_text_color=\u00a0\u00bb#F39093&Prime; global_colors_info=\u00a0\u00bb{}\u00a0\u00bb][\/et_pb_wc_add_to_cart][et_pb_wc_meta separator=\u00a0\u00bb-\u00a0\u00bb _builder_version=\u00a0\u00bb4.16&Prime; body_font=\u00a0\u00bbPoppins||||||||\u00a0\u00bb body_text_align=\u00a0\u00bbjustify\u00a0\u00bb body_text_color=\u00a0\u00bbrgba(0,0,0,0.41)\u00a0\u00bb background_color=\u00a0\u00bb#ffffff\u00a0\u00bb background_enable_image=\u00a0\u00bboff\u00a0\u00bb custom_padding=\u00a0\u00bb|||19px||\u00a0\u00bb animation_style=\u00a0\u00bbbounce\u00a0\u00bb global_colors_info=\u00a0\u00bb{}\u00a0\u00bb][\/et_pb_wc_meta][\/et_pb_column][\/et_pb_row][\/et_pb_section][et_pb_section fb_built=\u00a0\u00bb1&Prime; _builder_version=\u00a0\u00bb4.16&Prime; background_image=\u00a0\u00bbhttps:\/\/bbies.fr\/couches-lavables\/wp-content\/uploads\/2019\/11\/Sans-titre-1.jpg\u00a0\u00bb background_size=\u00a0\u00bbcontain\u00a0\u00bb background_position=\u00a0\u00bbtop_left\u00a0\u00bb min_height=\u00a0\u00bb462px\u00a0\u00bb custom_margin=\u00a0\u00bb||-69px|||\u00a0\u00bb global_colors_info=\u00a0\u00bb{}\u00a0\u00bb][et_pb_row _builder_version=\u00a0\u00bb4.16&Prime; custom_margin=\u00a0\u00bb|auto|||false|false\u00a0\u00bb global_colors_info=\u00a0\u00bb{}\u00a0\u00bb][et_pb_column type=\u00a0\u00bb4_4&Prime; _builder_version=\u00a0\u00bb4.16&Prime; global_colors_info=\u00a0\u00bb{}\u00a0\u00bb][et_pb_tabs _builder_version=\u00a0\u00bb4.16&Prime; global_colors_info=\u00a0\u00bb{}\u00a0\u00bb][et_pb_tab title=\u00a0\u00bbComposition \u00a0\u00bb _builder_version=\u00a0\u00bb4.16&Prime; body_font=\u00a0\u00bbPoppins|300|||||||\u00a0\u00bb tab_font=\u00a0\u00bbPoppins||||||||\u00a0\u00bb tab_text_color=\u00a0\u00bb#006075&Prime; global_colors_info=\u00a0\u00bb{}\u00a0\u00bb]100 % PUL<br \/>\n[\/et_pb_tab][et_pb_tab title=\u00a0\u00bbDimension \u00a0\u00bb _builder_version=\u00a0\u00bb4.16&Prime; body_font=\u00a0\u00bbPoppins|300|||||||\u00a0\u00bb tab_font=\u00a0\u00bbPoppins||||||||\u00a0\u00bb tab_text_color=\u00a0\u00bb#006277&Prime; global_colors_info=\u00a0\u00bb{}\u00a0\u00bb title__hover_enabled=\u00a0\u00bbon|desktop\u00a0\u00bb title__hover=\u00a0\u00bbDimension \u00ab\u00a0]60x 24 cm, fermeture par fermeture \u00e9clair<br \/>\n[\/et_pb_tab][et_pb_tab title=\u00a0\u00bbComment l&rsquo;entretenir ? \u00a0\u00bb _builder_version=\u00a0\u00bb4.16&Prime; body_font=\u00a0\u00bbPoppins|300|||||||\u00a0\u00bb body_text_color=\u00a0\u00bb#000000&Prime; tab_font=\u00a0\u00bbPoppins||||||||\u00a0\u00bb tab_text_color=\u00a0\u00bb#006075&Prime; global_colors_info=\u00a0\u00bb{}\u00a0\u00bb]&nbsp;<\/p>\n<p>Lavable \u00e0 la main, ou en machine.<\/p>\n<p>&nbsp;<\/p>\n<p>&nbsp;<br \/>\n[\/et_pb_tab][\/et_pb_tabs][\/et_pb_column][\/et_pb_row][\/et_pb_section][et_pb_section fb_built=\u00a0\u00bb1&Prime; _builder_version=\u00a0\u00bb4.16&Prime; background_color=\u00a0\u00bb#ffffff\u00a0\u00bb background_image=\u00a0\u00bbhttps:\/\/bbies.fr\/couches-lavables\/wp-content\/uploads\/2019\/11\/barre-cc.png\u00a0\u00bb global_colors_info=\u00a0\u00bb{}\u00a0\u00bb][et_pb_row column_structure=\u00a0\u00bb1_3,1_3,1_3&Prime; _builder_version=\u00a0\u00bb4.16&Prime; global_colors_info=\u00a0\u00bb{}\u00a0\u00bb][et_pb_column type=\u00a0\u00bb1_3&Prime; _builder_version=\u00a0\u00bb4.16&Prime; global_colors_info=\u00a0\u00bb{}\u00a0\u00bb][\/et_pb_column][et_pb_column type=\u00a0\u00bb1_3&Prime; _builder_version=\u00a0\u00bb4.16&Prime; global_colors_info=\u00a0\u00bb{}\u00a0\u00bb][et_pb_text _builder_version=\u00a0\u00bb4.16&Prime; text_font=\u00a0\u00bbPoppins||||||||\u00a0\u00bb text_font_size=\u00a0\u00bb23px\u00a0\u00bb min_height=\u00a0\u00bb65px\u00a0\u00bb custom_margin=\u00a0\u00bb||-20px|||\u00a0\u00bb custom_padding=\u00a0\u00bb||0px|||\u00a0\u00bb global_colors_info=\u00a0\u00bb{}\u00a0\u00bb]<img loading=\"lazy\" decoding=\"async\" class=\"wp-image-324 alignnone size-full\" src=\"https:\/\/bbies.fr\/couches-lavables\/wp-content\/uploads\/2019\/11\/Sans-titre-5.png\" alt=\"\" width=\"73\" height=\"69\" \/>[\/et_pb_text][et_pb_image src=\u00a0\u00bbhttps:\/\/bbies.fr\/couches-lavables\/wp-content\/uploads\/2019\/11\/12.png\u00a0\u00bb _builder_version=\u00a0\u00bb4.16&Prime; min_height=\u00a0\u00bb94px\u00a0\u00bb custom_padding=\u00a0\u00bb0px|||||\u00a0\u00bb global_colors_info=\u00a0\u00bb{}\u00a0\u00bb][\/et_pb_image][et_pb_text _builder_version=\u00a0\u00bb4.16&Prime; text_font=\u00a0\u00bbPoppins|300|||||||\u00a0\u00bb custom_margin=\u00a0\u00bb-26px|||||\u00a0\u00bb global_colors_info=\u00a0\u00bb{}\u00a0\u00bb]Compl\u00e9tez votre sac \u00e0 pain par nos sac lunch bag qui vous permettront de partir en pique-nique sans utiliser de papier aluminium ou de film alimentaire.<br \/>\n[\/et_pb_text][et_pb_button button_url=\u00a0\u00bbhttps:\/\/bbies.fr\/couches-lavables\/produit\/2-lunch-bag-orange-et-vert\/\u00a0\u00bb button_text=\u00a0\u00bbJe shoppe \u00a0\u00bb button_alignment=\u00a0\u00bbcenter\u00a0\u00bb _builder_version=\u00a0\u00bb4.16&Prime; custom_button=\u00a0\u00bbon\u00a0\u00bb button_text_color=\u00a0\u00bb#f29193&Prime; button_font=\u00a0\u00bbPoppins|300|||||||\u00a0\u00bb global_colors_info=\u00a0\u00bb{}\u00a0\u00bb][\/et_pb_button][\/et_pb_column][et_pb_column type=\u00a0\u00bb1_3&Prime; _builder_version=\u00a0\u00bb4.16&Prime; global_colors_info=\u00a0\u00bb{}\u00a0\u00bb][et_pb_image src=\u00a0\u00bbhttps:\/\/bbies.fr\/couches-lavables\/wp-content\/uploads\/2020\/07\/GRE1008-2-sac-lunch-Bbies.jpg\u00a0\u00bb url=\u00a0\u00bbhttps:\/\/bbies.fr\/couches-lavables\/produit\/2-lunch-bag-orange-et-vert\/\u00a0\u00bb _builder_version=\u00a0\u00bb4.16&Prime; global_colors_info=\u00a0\u00bb{}\u00a0\u00bb][\/et_pb_image][\/et_pb_column][\/et_pb_row][\/et_pb_section][et_pb_section fb_built=\u00a0\u00bb1&Prime; _builder_version=\u00a0\u00bb4.16&Prime; background_color=\u00a0\u00bb#a6d6ce \u00a0\u00bb global_colors_info=\u00a0\u00bb{}\u00a0\u00bb][et_pb_row _builder_version=\u00a0\u00bb4.16&Prime; global_colors_info=\u00a0\u00bb{}\u00a0\u00bb][et_pb_column type=\u00a0\u00bb4_4&Prime; _builder_version=\u00a0\u00bb4.16&Prime; global_colors_info=\u00a0\u00bb{}\u00a0\u00bb][et_pb_text _builder_version=\u00a0\u00bb4.16&Prime; text_font=\u00a0\u00bbPoppins||||||||\u00a0\u00bb text_text_color=\u00a0\u00bb#000000&Prime; text_font_size=\u00a0\u00bb31px\u00a0\u00bb global_colors_info=\u00a0\u00bb{}\u00a0\u00bb]<\/p>\n<p style=\"text-align: center;\">Vous voulez agrandir votre collection ?<\/p>\n<p style=\"text-align: center;\"><img loading=\"lazy\" decoding=\"async\" class=\"wp-image-541 alignnone size-full\" src=\"https:\/\/bbies.fr\/couches-lavables\/wp-content\/uploads\/2019\/11\/fon-1.png\" alt=\"\" width=\"232\" height=\"106\" \/><\/p>\n<p style=\"text-align: center;\">[\/et_pb_text][\/et_pb_column][\/et_pb_row][et_pb_row _builder_version=\u00a0\u00bb4.16&Prime; background_size=\u00a0\u00bbinitial\u00a0\u00bb background_position=\u00a0\u00bbtop_left\u00a0\u00bb background_repeat=\u00a0\u00bbrepeat\u00a0\u00bb width=\u00a0\u00bb100%\u00a0\u00bb global_colors_info=\u00a0\u00bb{}\u00a0\u00bb][et_pb_column type=\u00a0\u00bb4_4&Prime; _builder_version=\u00a0\u00bb4.16&Prime; custom_padding=\u00a0\u00bb|||\u00a0\u00bb global_colors_info=\u00a0\u00bb{}\u00a0\u00bb custom_padding__hover=\u00a0\u00bb|||\u00a0\u00bb][et_pb_wc_upsells _builder_version=\u00a0\u00bb4.16&Prime; global_colors_info=\u00a0\u00bb{}\u00a0\u00bb][\/et_pb_wc_upsells][et_pb_wc_related_products sale_badge_color=\u00a0\u00bbrgba(0,0,0,0)\u00a0\u00bb _builder_version=\u00a0\u00bb4.16&Prime; title_font=\u00a0\u00bbPoppins||||||||\u00a0\u00bb product_title_font=\u00a0\u00bbPoppins||||||||\u00a0\u00bb product_title_text_color=\u00a0\u00bb#ffffff\u00a0\u00bb price_font=\u00a0\u00bbPoppins||||||||\u00a0\u00bb price_text_color=\u00a0\u00bb#ffffff\u00a0\u00bb sale_badge_font=\u00a0\u00bbAlef||||||||\u00a0\u00bb sale_badge_font_size=\u00a0\u00bb1px\u00a0\u00bb sale_badge_line_height=\u00a0\u00bb1em\u00a0\u00bb text_orientation=\u00a0\u00bbcenter\u00a0\u00bb global_colors_info=\u00a0\u00bb{}\u00a0\u00bb][\/et_pb_wc_related_products][\/et_pb_column][\/et_pb_row][\/et_pb_section][et_pb_section fb_built=\u00a0\u00bb1&Prime; _builder_version=\u00a0\u00bb4.16&Prime; global_colors_info=\u00a0\u00bb{}\u00a0\u00bb][et_pb_row column_structure=\u00a0\u00bb1_2,1_2&Prime; _builder_version=\u00a0\u00bb4.16&Prime; background_color=\u00a0\u00bb#ffffff\u00a0\u00bb global_colors_info=\u00a0\u00bb{}\u00a0\u00bb][et_pb_column type=\u00a0\u00bb1_2&Prime; _builder_version=\u00a0\u00bb4.16&Prime; global_colors_info=\u00a0\u00bb{}\u00a0\u00bb][et_pb_signup first_name_field=\u00a0\u00bboff\u00a0\u00bb last_name_field=\u00a0\u00bboff\u00a0\u00bb button_text=\u00a0\u00bbJe m&rsquo;abonne ! \u00a0\u00bb _builder_version=\u00a0\u00bb4.16&Prime; header_font=\u00a0\u00bbPoppins||||||||\u00a0\u00bb body_font=\u00a0\u00bbPoppins|300|||||||\u00a0\u00bb background_color=\u00a0\u00bb#a6d6ce\u00a0\u00bb custom_button=\u00a0\u00bbon\u00a0\u00bb button_border_width=\u00a0\u00bb2px\u00a0\u00bb button_border_radius=\u00a0\u00bb31px\u00a0\u00bb button_font=\u00a0\u00bbPoppins||||||||\u00a0\u00bb text_orientation=\u00a0\u00bbcenter\u00a0\u00bb width=\u00a0\u00bb%22300%22&Prime; height=\u00a0\u00bb%2285%22&Prime; global_colors_info=\u00a0\u00bb{}\u00a0\u00bb][\/et_pb_signup][\/et_pb_column][et_pb_column type=\u00a0\u00bb1_2&Prime; _builder_version=\u00a0\u00bb4.16&Prime; global_colors_info=\u00a0\u00bb{}\u00a0\u00bb][et_pb_text _builder_version=\u00a0\u00bb4.16&Prime; text_font=\u00a0\u00bbPoppins||||||||\u00a0\u00bb text_text_color=\u00a0\u00bb#ffffff\u00a0\u00bb text_font_size=\u00a0\u00bb20px\u00a0\u00bb text_line_height=\u00a0\u00bb2.5em\u00a0\u00bb background_color=\u00a0\u00bb#006277&Prime; custom_padding=\u00a0\u00bb||0px|||\u00a0\u00bb global_colors_info=\u00a0\u00bb{}\u00a0\u00bb]<\/p>\n<p style=\"text-align: center;\"><img loading=\"lazy\" decoding=\"async\" class=\"wp-image-544 alignnone size-full\" src=\"https:\/\/bbies.fr\/couches-lavables\/wp-content\/uploads\/2019\/11\/on-se-suit.png\" alt=\"\" width=\"232\" height=\"106\" \/><\/p>\n<p>[\/et_pb_text][et_pb_text _builder_version=\u00a0\u00bb4.16&Prime; text_font=\u00a0\u00bbPoppins|300|||||||\u00a0\u00bb text_text_color=\u00a0\u00bb#ffffff\u00a0\u00bb text_font_size=\u00a0\u00bb17px\u00a0\u00bb text_line_height=\u00a0\u00bb2.4em\u00a0\u00bb background_color=\u00a0\u00bb#006277&Prime; max_width=\u00a0\u00bb100%\u00a0\u00bb min_height=\u00a0\u00bb62px\u00a0\u00bb max_height=\u00a0\u00bb1000px\u00a0\u00bb custom_margin=\u00a0\u00bb-37px|||||\u00a0\u00bb custom_padding=\u00a0\u00bb5px|||||\u00a0\u00bb global_colors_info=\u00a0\u00bb{}\u00a0\u00bb]<\/p>\n<p style=\"text-align: center;\">Retrouvez-nous sur nos r\u00e9seaux sociaux<\/p>\n<p>[\/et_pb_text][et_pb_social_media_follow _builder_version=\u00a0\u00bb4.16&Prime; background_color=\u00a0\u00bb#006277&Prime; text_orientation=\u00a0\u00bbcenter\u00a0\u00bb min_height=\u00a0\u00bb151px\u00a0\u00bb custom_margin=\u00a0\u00bb-38px|||||\u00a0\u00bb global_colors_info=\u00a0\u00bb{}\u00a0\u00bb][et_pb_social_media_follow_network social_network=\u00a0\u00bbfacebook\u00a0\u00bb _builder_version=\u00a0\u00bb4.16&Prime; background_color=\u00a0\u00bb#c0b09d\u00a0\u00bb background_enable_color=\u00a0\u00bbon\u00a0\u00bb global_colors_info=\u00a0\u00bb{}\u00a0\u00bb follow_button=\u00a0\u00bboff\u00a0\u00bb url_new_window=\u00a0\u00bbon\u00a0\u00bb]facebook[\/et_pb_social_media_follow_network][et_pb_social_media_follow_network social_network=\u00a0\u00bbinstagram\u00a0\u00bb _builder_version=\u00a0\u00bb4.16&Prime; background_color=\u00a0\u00bb#c0b09d\u00a0\u00bb background_enable_color=\u00a0\u00bbon\u00a0\u00bb global_colors_info=\u00a0\u00bb{}\u00a0\u00bb follow_button=\u00a0\u00bboff\u00a0\u00bb url_new_window=\u00a0\u00bbon\u00a0\u00bb]instagram[\/et_pb_social_media_follow_network][et_pb_social_media_follow_network social_network=\u00a0\u00bbyoutube\u00a0\u00bb _builder_version=\u00a0\u00bb4.16&Prime; background_color=\u00a0\u00bb#c0b09d\u00a0\u00bb background_enable_color=\u00a0\u00bbon\u00a0\u00bb global_colors_info=\u00a0\u00bb{}\u00a0\u00bb follow_button=\u00a0\u00bboff\u00a0\u00bb url_new_window=\u00a0\u00bbon\u00a0\u00bb]youtube[\/et_pb_social_media_follow_network][\/et_pb_social_media_follow][\/et_pb_column][\/et_pb_row][\/et_pb_section]<\/p>\n","protected":false},"excerpt":{"rendered":"<p>Gr\u00e2ce \u00e0 ce sac en tissu PUL), vous commencerez bien votre journ\u00e9e avec du pain frais. Voil\u00e0 un accessoire de rangement indispensable pour la cuisine.<\/p>\n<p>Ce sac \u00e0 pain en tissu est tr\u00e8s utile pour y ranger vos baguettes afin qu&rsquo;elles ne durcissent pas. En effet, en le prot\u00e9geant de l&rsquo;air, le pain se conserve plus longtemps et ne rassit pas. Peu encombrant et tr\u00e8s pratique, ce sac se lave facilement \u00e0 la main. L&rsquo;int\u00e9rieur est <strong>enduit<\/strong> pour limiter l&rsquo;oxydation.<\/p>\n<ul>\n<li>Tissu ext\u00e9rieur 100 % PUL imperm\u00e9able et respirant.<\/li>\n<li>R\u00e9sistant \u00e0 l&rsquo;eau, la nourriture est bien prot\u00e9g\u00e9e.<\/li>\n<li>Fermeture par fermeture \u00e9clair<\/li>\n<li>Sans BPA, sans PVC et sans phtalates.<\/li>\n<li>Dimensions : 60 x 24 cm<\/li>\n<\/ul>\n","protected":false},"featured_media":1703385,"comment_status":"closed","ping_status":"closed","template":"","meta":{"_acf_changed":false,"_et_pb_use_builder":"on","_et_pb_old_content":"[learn_more caption=\"Utilisation\" state=\"open\"]\r\n\u00c9videmment pour stocker son pain chez soi.\r\n<ul>\r\n \t<li>Mais \u00e9galement utile pour r\u00e9duire la consommation de d\u00e9chet en demandant \u00e0 la boulang\u00e8re d'y glisser directement votre baguette. Finis les emballages en papier.<\/li>\r\n \t<li>Pratique \u00e9galement quand on se d\u00e9place \u00e0 la boulangerie \u00e0 pieds ou \u00e0 v\u00e9lo. La baguette est prot\u00e9g\u00e9e, surtout lorsqu'il pleut.<\/li>\r\n \t<li>Autre utilisation d\u00e9tourn\u00e9e : ranger tous vos couvre-plats ou couvercles en tissu B'bies :-)<\/li>\r\n<\/ul>\r\n<strong>Astucieux<\/strong> : Avec sa petite anse \u00e0 clipser, cette housse s'accroche \u00e0 une poign\u00e9e de tiroir ou de placard.\r\n[\/learn_more]\r\n[learn_more caption=\"Composition\"] 100% PUL[\/learn_more]\r\n\r\n[learn_more caption=\"Entretien\"]\r\n\r\nLavage en machine \u00e0 40\u00b0. S\u00e8che-linge interdit\r\n[\/learn_more]","_et_gb_content_width":""},"product_brand":[1185],"product_cat":[963,71,520,461,66],"product_tag":[],"class_list":{"0":"post-1703336","1":"product","2":"type-product","3":"status-publish","4":"has-post-thumbnail","6":"product_brand-hutil","7":"product_cat-bon-plans","8":"product_cat-cuisine","9":"product_cat-destockage","10":"product_cat-sac-a-pain","11":"product_cat-zero-dechet","13":"first","14":"instock","15":"sale","16":"taxable","17":"shipping-taxable","18":"purchasable","19":"product-type-variable"},"bundled_by":[],"bundle_stock_status":"instock","bundle_stock_quantity":null,"bundle_virtual":false,"bundle_layout":"","bundle_add_to_cart_form_location":"","bundle_editable_in_cart":false,"bundle_sold_individually_context":"","bundle_item_grouping":"","bundle_min_size":"","bundle_max_size":"","bundle_price":[],"bundled_items":[],"bundle_sell_ids":[],"acf":[],"yoast_head":"<!-- This site is optimized with the Yoast SEO plugin v27.4 - https:\/\/yoast.com\/product\/yoast-seo-wordpress\/ -->\n<title>Sac baguette - Conservation Z\u00e9ro d\u00e9chet | B&#039;bies<\/title>\n<meta name=\"description\" content=\"Gr\u00e2ce \u00e0 ce sac en tissu PUL), vous commencerez bien votre journ\u00e9e avec du pain frais. Voil\u00e0 un accessoire de rangement indispensable pour la cuisine.  Ce sac \u00e0 pain en tissu est tr\u00e8s utile pour y ranger vos baguettes afin qu&#039;elles ne durcissent pas. En effet, en le prot\u00e9geant de l&#039;air, le pain se conserve plus longtemps et ne rassit pas. Peu encombrant et tr\u00e8s pratique, ce sac se lave facilement \u00e0 la main. L&#039;int\u00e9rieur est enduit pour limiter l&#039;oxydation.   Tissu ext\u00e9rieur 100 % PUL imperm\u00e9able et respirant.  R\u00e9sistant \u00e0 l&#039;eau, la nourriture est bien prot\u00e9g\u00e9e.  Fermeture par fermeture \u00e9clair  Sans BPA, sans PVC et sans phtalates.  Dimensions : 60 x 24 cm\" \/>\n<meta name=\"robots\" content=\"index, follow, max-snippet:-1, max-image-preview:large, max-video-preview:-1\" \/>\n<link rel=\"canonical\" href=\"https:\/\/bbies.fr\/couches-lavables\/boutique\/sac-baguette-conservation-zero-dechet\/\" \/>\n<script type=\"application\/ld+json\" class=\"yoast-schema-graph\">{\"@context\":\"https:\\\/\\\/schema.org\",\"@graph\":[{\"@type\":\"WebPage\",\"@id\":\"https:\\\/\\\/bbies.fr\\\/couches-lavables\\\/boutique\\\/sac-baguette-conservation-zero-dechet\\\/\",\"url\":\"https:\\\/\\\/bbies.fr\\\/couches-lavables\\\/boutique\\\/sac-baguette-conservation-zero-dechet\\\/\",\"name\":\"Sac baguette - Conservation Z\u00e9ro d\u00e9chet | B&#039;bies\",\"isPartOf\":{\"@id\":\"https:\\\/\\\/bbies.fr\\\/couches-lavables\\\/#website\"},\"primaryImageOfPage\":{\"@id\":\"https:\\\/\\\/bbies.fr\\\/couches-lavables\\\/boutique\\\/sac-baguette-conservation-zero-dechet\\\/#primaryimage\"},\"image\":{\"@id\":\"https:\\\/\\\/bbies.fr\\\/couches-lavables\\\/boutique\\\/sac-baguette-conservation-zero-dechet\\\/#primaryimage\"},\"thumbnailUrl\":\"https:\\\/\\\/bbies.fr\\\/couches-lavables\\\/wp-content\\\/uploads\\\/2024\\\/02\\\/GRE60-Sac-a-pain-Ecologiq.jpg\",\"datePublished\":\"2024-06-11T08:11:28+00:00\",\"dateModified\":\"2026-04-25T15:48:48+00:00\",\"description\":\"Gr\u00e2ce \u00e0 ce sac en tissu PUL), vous commencerez bien votre journ\u00e9e avec du pain frais. Voil\u00e0 un accessoire de rangement indispensable pour la cuisine. Ce sac \u00e0 pain en tissu est tr\u00e8s utile pour y ranger vos baguettes afin qu'elles ne durcissent pas. En effet, en le prot\u00e9geant de l'air, le pain se conserve plus longtemps et ne rassit pas. Peu encombrant et tr\u00e8s pratique, ce sac se lave facilement \u00e0 la main. L'int\u00e9rieur est enduit pour limiter l'oxydation. Tissu ext\u00e9rieur 100 % PUL imperm\u00e9able et respirant. R\u00e9sistant \u00e0 l'eau, la nourriture est bien prot\u00e9g\u00e9e. Fermeture par fermeture \u00e9clair Sans BPA, sans PVC et sans phtalates. Dimensions : 60 x 24 cm\",\"breadcrumb\":{\"@id\":\"https:\\\/\\\/bbies.fr\\\/couches-lavables\\\/boutique\\\/sac-baguette-conservation-zero-dechet\\\/#breadcrumb\"},\"inLanguage\":\"fr-FR\",\"potentialAction\":[{\"@type\":\"ReadAction\",\"target\":[\"https:\\\/\\\/bbies.fr\\\/couches-lavables\\\/boutique\\\/sac-baguette-conservation-zero-dechet\\\/\"]}]},{\"@type\":\"ImageObject\",\"inLanguage\":\"fr-FR\",\"@id\":\"https:\\\/\\\/bbies.fr\\\/couches-lavables\\\/boutique\\\/sac-baguette-conservation-zero-dechet\\\/#primaryimage\",\"url\":\"https:\\\/\\\/bbies.fr\\\/couches-lavables\\\/wp-content\\\/uploads\\\/2024\\\/02\\\/GRE60-Sac-a-pain-Ecologiq.jpg\",\"contentUrl\":\"https:\\\/\\\/bbies.fr\\\/couches-lavables\\\/wp-content\\\/uploads\\\/2024\\\/02\\\/GRE60-Sac-a-pain-Ecologiq.jpg\",\"width\":800,\"height\":800},{\"@type\":\"BreadcrumbList\",\"@id\":\"https:\\\/\\\/bbies.fr\\\/couches-lavables\\\/boutique\\\/sac-baguette-conservation-zero-dechet\\\/#breadcrumb\",\"itemListElement\":[{\"@type\":\"ListItem\",\"position\":1,\"name\":\"Accueil\",\"item\":\"https:\\\/\\\/bbies.fr\\\/couches-lavables\\\/\"},{\"@type\":\"ListItem\",\"position\":2,\"name\":\"Boutique Bbies\",\"item\":\"https:\\\/\\\/bbies.fr\\\/couches-lavables\\\/boutique-bbies\\\/\"},{\"@type\":\"ListItem\",\"position\":3,\"name\":\"Sac baguette &#8211; Conservation Z\u00e9ro d\u00e9chet\"}]},{\"@type\":\"WebSite\",\"@id\":\"https:\\\/\\\/bbies.fr\\\/couches-lavables\\\/#website\",\"url\":\"https:\\\/\\\/bbies.fr\\\/couches-lavables\\\/\",\"name\":\"B'bies, couches lavables et r\u00e9utilisables\",\"description\":\"De la naissance \u00e0 la propret\u00e9\",\"publisher\":{\"@id\":\"https:\\\/\\\/bbies.fr\\\/couches-lavables\\\/#organization\"},\"alternateName\":\"BBIES\",\"potentialAction\":[{\"@type\":\"SearchAction\",\"target\":{\"@type\":\"EntryPoint\",\"urlTemplate\":\"https:\\\/\\\/bbies.fr\\\/couches-lavables\\\/?s={search_term_string}\"},\"query-input\":{\"@type\":\"PropertyValueSpecification\",\"valueRequired\":true,\"valueName\":\"search_term_string\"}}],\"inLanguage\":\"fr-FR\"},{\"@type\":\"Organization\",\"@id\":\"https:\\\/\\\/bbies.fr\\\/couches-lavables\\\/#organization\",\"name\":\"B'bies\",\"url\":\"https:\\\/\\\/bbies.fr\\\/couches-lavables\\\/\",\"logo\":{\"@type\":\"ImageObject\",\"inLanguage\":\"fr-FR\",\"@id\":\"https:\\\/\\\/bbies.fr\\\/couches-lavables\\\/#\\\/schema\\\/logo\\\/image\\\/\",\"url\":\"https:\\\/\\\/bbies.fr\\\/couches-lavables\\\/wp-content\\\/uploads\\\/2019\\\/12\\\/logo-web.jpg\",\"contentUrl\":\"https:\\\/\\\/bbies.fr\\\/couches-lavables\\\/wp-content\\\/uploads\\\/2019\\\/12\\\/logo-web.jpg\",\"width\":364,\"height\":151,\"caption\":\"B'bies\"},\"image\":{\"@id\":\"https:\\\/\\\/bbies.fr\\\/couches-lavables\\\/#\\\/schema\\\/logo\\\/image\\\/\"},\"sameAs\":[\"https:\\\/\\\/www.facebook.com\\\/bbies.fr\\\/\",\"https:\\\/\\\/www.instagram.com\\\/bbies.fr\"]}]}<\/script>\n<!-- \/ Yoast SEO plugin. -->","yoast_head_json":{"title":"Sac baguette - Conservation Z\u00e9ro d\u00e9chet | B&#039;bies","description":"Gr\u00e2ce \u00e0 ce sac en tissu PUL), vous commencerez bien votre journ\u00e9e avec du pain frais. Voil\u00e0 un accessoire de rangement indispensable pour la cuisine.  Ce sac \u00e0 pain en tissu est tr\u00e8s utile pour y ranger vos baguettes afin qu'elles ne durcissent pas. En effet, en le prot\u00e9geant de l'air, le pain se conserve plus longtemps et ne rassit pas. Peu encombrant et tr\u00e8s pratique, ce sac se lave facilement \u00e0 la main. L'int\u00e9rieur est enduit pour limiter l'oxydation.   Tissu ext\u00e9rieur 100 % PUL imperm\u00e9able et respirant.  R\u00e9sistant \u00e0 l'eau, la nourriture est bien prot\u00e9g\u00e9e.  Fermeture par fermeture \u00e9clair  Sans BPA, sans PVC et sans phtalates.  Dimensions : 60 x 24 cm","robots":{"index":"index","follow":"follow","max-snippet":"max-snippet:-1","max-image-preview":"max-image-preview:large","max-video-preview":"max-video-preview:-1"},"canonical":"https:\/\/bbies.fr\/couches-lavables\/boutique\/sac-baguette-conservation-zero-dechet\/","schema":{"@context":"https:\/\/schema.org","@graph":[{"@type":"WebPage","@id":"https:\/\/bbies.fr\/couches-lavables\/boutique\/sac-baguette-conservation-zero-dechet\/","url":"https:\/\/bbies.fr\/couches-lavables\/boutique\/sac-baguette-conservation-zero-dechet\/","name":"Sac baguette - Conservation Z\u00e9ro d\u00e9chet | B&#039;bies","isPartOf":{"@id":"https:\/\/bbies.fr\/couches-lavables\/#website"},"primaryImageOfPage":{"@id":"https:\/\/bbies.fr\/couches-lavables\/boutique\/sac-baguette-conservation-zero-dechet\/#primaryimage"},"image":{"@id":"https:\/\/bbies.fr\/couches-lavables\/boutique\/sac-baguette-conservation-zero-dechet\/#primaryimage"},"thumbnailUrl":"https:\/\/bbies.fr\/couches-lavables\/wp-content\/uploads\/2024\/02\/GRE60-Sac-a-pain-Ecologiq.jpg","datePublished":"2024-06-11T08:11:28+00:00","dateModified":"2026-04-25T15:48:48+00:00","description":"Gr\u00e2ce \u00e0 ce sac en tissu PUL), vous commencerez bien votre journ\u00e9e avec du pain frais. Voil\u00e0 un accessoire de rangement indispensable pour la cuisine. Ce sac \u00e0 pain en tissu est tr\u00e8s utile pour y ranger vos baguettes afin qu'elles ne durcissent pas. En effet, en le prot\u00e9geant de l'air, le pain se conserve plus longtemps et ne rassit pas. Peu encombrant et tr\u00e8s pratique, ce sac se lave facilement \u00e0 la main. L'int\u00e9rieur est enduit pour limiter l'oxydation. Tissu ext\u00e9rieur 100 % PUL imperm\u00e9able et respirant. R\u00e9sistant \u00e0 l'eau, la nourriture est bien prot\u00e9g\u00e9e. Fermeture par fermeture \u00e9clair Sans BPA, sans PVC et sans phtalates. Dimensions : 60 x 24 cm","breadcrumb":{"@id":"https:\/\/bbies.fr\/couches-lavables\/boutique\/sac-baguette-conservation-zero-dechet\/#breadcrumb"},"inLanguage":"fr-FR","potentialAction":[{"@type":"ReadAction","target":["https:\/\/bbies.fr\/couches-lavables\/boutique\/sac-baguette-conservation-zero-dechet\/"]}]},{"@type":"ImageObject","inLanguage":"fr-FR","@id":"https:\/\/bbies.fr\/couches-lavables\/boutique\/sac-baguette-conservation-zero-dechet\/#primaryimage","url":"https:\/\/bbies.fr\/couches-lavables\/wp-content\/uploads\/2024\/02\/GRE60-Sac-a-pain-Ecologiq.jpg","contentUrl":"https:\/\/bbies.fr\/couches-lavables\/wp-content\/uploads\/2024\/02\/GRE60-Sac-a-pain-Ecologiq.jpg","width":800,"height":800},{"@type":"BreadcrumbList","@id":"https:\/\/bbies.fr\/couches-lavables\/boutique\/sac-baguette-conservation-zero-dechet\/#breadcrumb","itemListElement":[{"@type":"ListItem","position":1,"name":"Accueil","item":"https:\/\/bbies.fr\/couches-lavables\/"},{"@type":"ListItem","position":2,"name":"Boutique Bbies","item":"https:\/\/bbies.fr\/couches-lavables\/boutique-bbies\/"},{"@type":"ListItem","position":3,"name":"Sac baguette &#8211; Conservation Z\u00e9ro d\u00e9chet"}]},{"@type":"WebSite","@id":"https:\/\/bbies.fr\/couches-lavables\/#website","url":"https:\/\/bbies.fr\/couches-lavables\/","name":"B'bies, couches lavables et r\u00e9utilisables","description":"De la naissance \u00e0 la propret\u00e9","publisher":{"@id":"https:\/\/bbies.fr\/couches-lavables\/#organization"},"alternateName":"BBIES","potentialAction":[{"@type":"SearchAction","target":{"@type":"EntryPoint","urlTemplate":"https:\/\/bbies.fr\/couches-lavables\/?s={search_term_string}"},"query-input":{"@type":"PropertyValueSpecification","valueRequired":true,"valueName":"search_term_string"}}],"inLanguage":"fr-FR"},{"@type":"Organization","@id":"https:\/\/bbies.fr\/couches-lavables\/#organization","name":"B'bies","url":"https:\/\/bbies.fr\/couches-lavables\/","logo":{"@type":"ImageObject","inLanguage":"fr-FR","@id":"https:\/\/bbies.fr\/couches-lavables\/#\/schema\/logo\/image\/","url":"https:\/\/bbies.fr\/couches-lavables\/wp-content\/uploads\/2019\/12\/logo-web.jpg","contentUrl":"https:\/\/bbies.fr\/couches-lavables\/wp-content\/uploads\/2019\/12\/logo-web.jpg","width":364,"height":151,"caption":"B'bies"},"image":{"@id":"https:\/\/bbies.fr\/couches-lavables\/#\/schema\/logo\/image\/"},"sameAs":["https:\/\/www.facebook.com\/bbies.fr\/","https:\/\/www.instagram.com\/bbies.fr"]}]}},"_links":{"self":[{"href":"https:\/\/bbies.fr\/couches-lavables\/wp-json\/wp\/v2\/product\/1703336","targetHints":{"allow":["GET"]}}],"collection":[{"href":"https:\/\/bbies.fr\/couches-lavables\/wp-json\/wp\/v2\/product"}],"about":[{"href":"https:\/\/bbies.fr\/couches-lavables\/wp-json\/wp\/v2\/types\/product"}],"replies":[{"embeddable":true,"href":"https:\/\/bbies.fr\/couches-lavables\/wp-json\/wp\/v2\/comments?post=1703336"}],"wp:featuredmedia":[{"embeddable":true,"href":"https:\/\/bbies.fr\/couches-lavables\/wp-json\/wp\/v2\/media\/1703385"}],"wp:attachment":[{"href":"https:\/\/bbies.fr\/couches-lavables\/wp-json\/wp\/v2\/media?parent=1703336"}],"wp:term":[{"taxonomy":"product_brand","embeddable":true,"href":"https:\/\/bbies.fr\/couches-lavables\/wp-json\/wp\/v2\/product_brand?post=1703336"},{"taxonomy":"product_cat","embeddable":true,"href":"https:\/\/bbies.fr\/couches-lavables\/wp-json\/wp\/v2\/product_cat?post=1703336"},{"taxonomy":"product_tag","embeddable":true,"href":"https:\/\/bbies.fr\/couches-lavables\/wp-json\/wp\/v2\/product_tag?post=1703336"}],"curies":[{"name":"wp","href":"https:\/\/api.w.org\/{rel}","templated":true}]}}