{"id":1729573,"date":"2024-05-14T14:52:10","date_gmt":"2024-05-14T12:52:10","guid":{"rendered":"https:\/\/bbies.fr\/couches-lavables\/?post_type=product&#038;p=1729573"},"modified":"2026-04-22T16:18:40","modified_gmt":"2026-04-22T14:18:40","slug":"baume-pieds-secs-mira","status":"publish","type":"product","link":"https:\/\/bbies.fr\/couches-lavables\/boutique\/baume-pieds-secs-mira\/","title":{"rendered":"Baume pieds secs &#8211; Mira"},"content":{"rendered":"<p>[et_pb_section fb_built=\u00a0\u00bb1&Prime; disabled_on=\u00a0\u00bboff|off|off\u00a0\u00bb admin_label=\u00a0\u00bbFiche produit\u00a0\u00bb _builder_version=\u00a0\u00bb4.27.4&Prime; background_image=\u00a0\u00bbhttps:\/\/bbies.fr\/couches-lavables\/wp-content\/uploads\/2019\/11\/rond-fond.jpg\u00a0\u00bb background_size=\u00a0\u00bbcontain\u00a0\u00bb background_position=\u00a0\u00bbcenter_left\u00a0\u00bb module_alignment=\u00a0\u00bbcenter\u00a0\u00bb custom_margin=\u00a0\u00bb20px||0px||false|false\u00a0\u00bb custom_padding=\u00a0\u00bb0px||0px||false|false\u00a0\u00bb global_module=\u00a0\u00bb1684997&Prime; global_colors_info=\u00a0\u00bb{}\u00a0\u00bb][et_pb_row _builder_version=\u00a0\u00bb4.27.4&Prime; _module_preset=\u00a0\u00bbdefault\u00a0\u00bb global_colors_info=\u00a0\u00bb{}\u00a0\u00bb][et_pb_column type=\u00a0\u00bb4_4&Prime; _builder_version=\u00a0\u00bb4.17.4&Prime; _module_preset=\u00a0\u00bbdefault\u00a0\u00bb global_colors_info=\u00a0\u00bb{}\u00a0\u00bb][et_pb_wc_breadcrumb _builder_version=\u00a0\u00bb4.27.4&Prime; _module_preset=\u00a0\u00bbdefault\u00a0\u00bb global_colors_info=\u00a0\u00bb{}\u00a0\u00bb][\/et_pb_wc_breadcrumb][\/et_pb_column][\/et_pb_row][et_pb_row column_structure=\u00a0\u00bb1_2,1_2&Prime; _builder_version=\u00a0\u00bb4.27.5&Prime; background_color=\u00a0\u00bb#ffffff\u00a0\u00bb background_size=\u00a0\u00bbinitial\u00a0\u00bb background_position=\u00a0\u00bbtop_left\u00a0\u00bb background_repeat=\u00a0\u00bbrepeat\u00a0\u00bb width=\u00a0\u00bb100%\u00a0\u00bb custom_margin=\u00a0\u00bb0px||0px||false|false\u00a0\u00bb custom_padding=\u00a0\u00bb0px||0px||false|false\u00a0\u00bb global_colors_info=\u00a0\u00bb{}\u00a0\u00bb][et_pb_column type=\u00a0\u00bb1_2&Prime; _builder_version=\u00a0\u00bb4.16&Prime; custom_padding=\u00a0\u00bb|||\u00a0\u00bb global_colors_info=\u00a0\u00bb{}\u00a0\u00bb custom_padding__hover=\u00a0\u00bb|||\u00a0\u00bb][et_pb_wc_images show_sale_badge=\u00a0\u00bboff\u00a0\u00bb sale_badge_color=\u00a0\u00bb#9ACEA7&Prime; admin_label=\u00a0\u00bbImages de produits Woo\u00a0\u00bb _builder_version=\u00a0\u00bb4.27.5&Prime; background_color=\u00a0\u00bb#ffffff\u00a0\u00bb module_alignment=\u00a0\u00bbcenter\u00a0\u00bb custom_padding=\u00a0\u00bb|10px||10px|false|false\u00a0\u00bb link_option_url_new_window=\u00a0\u00bbon\u00a0\u00bb global_colors_info=\u00a0\u00bb{}\u00a0\u00bb][\/et_pb_wc_images][\/et_pb_column][et_pb_column type=\u00a0\u00bb1_2&Prime; _builder_version=\u00a0\u00bb4.16&Prime; custom_padding=\u00a0\u00bb|||\u00a0\u00bb global_colors_info=\u00a0\u00bb{}\u00a0\u00bb custom_padding__hover=\u00a0\u00bb|||\u00a0\u00bb][et_pb_wc_title _builder_version=\u00a0\u00bb4.27.6&Prime; header_font=\u00a0\u00bbPoppins||||||||\u00a0\u00bb header_text_color=\u00a0\u00bbrgba(0,0,0,0.58)\u00a0\u00bb header_font_size=\u00a0\u00bb23px\u00a0\u00bb custom_padding=\u00a0\u00bb|10px|10px|10px|false|false\u00a0\u00bb global_colors_info=\u00a0\u00bb{}\u00a0\u00bb][\/et_pb_wc_title][et_pb_wc_price _builder_version=\u00a0\u00bb4.27.6&Prime; _module_preset=\u00a0\u00bbdefault\u00a0\u00bb body_text_color=\u00a0\u00bb#000000&Prime; body_font_size=\u00a0\u00bb23px\u00a0\u00bb before_sale_price_text_color=\u00a0\u00bb#000000&Prime; before_sale_price_font_size=\u00a0\u00bb23px\u00a0\u00bb sale_price_text_color=\u00a0\u00bb#000000&Prime; sale_price_font_size=\u00a0\u00bb23px\u00a0\u00bb custom_margin=\u00a0\u00bb10px||10px||false|false\u00a0\u00bb custom_padding=\u00a0\u00bb|10px|10px|10px|false|false\u00a0\u00bb global_colors_info=\u00a0\u00bb{}\u00a0\u00bb][\/et_pb_wc_price][et_pb_wc_rating _builder_version=\u00a0\u00bb4.27.6&Prime; _module_preset=\u00a0\u00bbdefault\u00a0\u00bb rating_text_color=\u00a0\u00bb#f9af0e\u00a0\u00bb custom_padding=\u00a0\u00bb|10px||10px|false|false\u00a0\u00bb link_option_url=\u00a0\u00bb#avis\u00a0\u00bb global_colors_info=\u00a0\u00bb{}\u00a0\u00bb][\/et_pb_wc_rating][et_pb_wc_description description_type_last_edited=\u00a0\u00bboff|desktop\u00a0\u00bb _builder_version=\u00a0\u00bb4.27.6&Prime; body_font=\u00a0\u00bbPoppins|300|||||||\u00a0\u00bb body_font_size=\u00a0\u00bb15px\u00a0\u00bb custom_margin=\u00a0\u00bb0px||0px||false|false\u00a0\u00bb custom_padding=\u00a0\u00bb0px|10px|0px|10px|false|false\u00a0\u00bb global_colors_info=\u00a0\u00bb{}\u00a0\u00bb description_type__hover_enabled=\u00a0\u00bboff|desktop\u00a0\u00bb][\/et_pb_wc_description][et_pb_wc_add_to_cart _builder_version=\u00a0\u00bb4.17.4&Prime; fields_background_color=\u00a0\u00bb#006277&Prime; fields_text_color=\u00a0\u00bb#FFFFFF\u00a0\u00bb dropdown_menus_background_color=\u00a0\u00bb#006075&Prime; dropdown_menus_text_color=\u00a0\u00bb#FFFFFF\u00a0\u00bb field_label_font=\u00a0\u00bbPoppins|700|||||||\u00a0\u00bb field_label_text_color=\u00a0\u00bb#F39093&Prime; fields_font=\u00a0\u00bbPoppins||||||||\u00a0\u00bb fields_font_size=\u00a0\u00bb18px\u00a0\u00bb fields_line_height=\u00a0\u00bb1.1em\u00a0\u00bb custom_button=\u00a0\u00bbon\u00a0\u00bb button_text_color=\u00a0\u00bb#F39093&Prime; custom_padding=\u00a0\u00bb|10px||10px|false|false\u00a0\u00bb box_shadow_style_fields=\u00a0\u00bbpreset4&Prime; box_shadow_horizontal_fields=\u00a0\u00bb-4px\u00a0\u00bb box_shadow_color_fields=\u00a0\u00bb#ffffff\u00a0\u00bb body_font=\u00a0\u00bbPoppins|700|||||||\u00a0\u00bb body_text_color=\u00a0\u00bb#F39093&Prime; global_colors_info=\u00a0\u00bb{}\u00a0\u00bb][\/et_pb_wc_add_to_cart][et_pb_divider _builder_version=\u00a0\u00bb4.27.6&Prime; _module_preset=\u00a0\u00bbdefault\u00a0\u00bb custom_margin=\u00a0\u00bb10px||10px||false|false\u00a0\u00bb custom_padding=\u00a0\u00bb0px||0px||false|false\u00a0\u00bb global_colors_info=\u00a0\u00bb{}\u00a0\u00bb][\/et_pb_divider][et_pb_blurb title=\u00a0\u00bbLivraison \u00e0 domicile ou en relais\u00a0\u00bb use_icon=\u00a0\u00bbon\u00a0\u00bb font_icon=\u00a0\u00bb&#xf0d1;||fa||900&Prime; icon_placement=\u00a0\u00bbleft\u00a0\u00bb image_icon_width=\u00a0\u00bb18px\u00a0\u00bb _builder_version=\u00a0\u00bb4.27.4&Prime; _module_preset=\u00a0\u00bbdefault\u00a0\u00bb header_font=\u00a0\u00bb||||||||\u00a0\u00bb header_text_align=\u00a0\u00bbleft\u00a0\u00bb header_font_size=\u00a0\u00bb14px\u00a0\u00bb image_icon_custom_margin=\u00a0\u00bb0px|0px|0px|0px|false|false\u00a0\u00bb image_icon_custom_padding=\u00a0\u00bb0px||0px|0px|false|false\u00a0\u00bb custom_margin=\u00a0\u00bb||0px||false|false\u00a0\u00bb custom_padding=\u00a0\u00bb|5px||5px|false|false\u00a0\u00bb global_colors_info=\u00a0\u00bb{}\u00a0\u00bb][\/et_pb_blurb][et_pb_blurb title=\u00a0\u00bbRetour gratuit*. Cf CGV\u00a0\u00bb use_icon=\u00a0\u00bbon\u00a0\u00bb font_icon=\u00a0\u00bb&#xf2f1;||fa||900&Prime; icon_placement=\u00a0\u00bbleft\u00a0\u00bb image_icon_width=\u00a0\u00bb14px\u00a0\u00bb _builder_version=\u00a0\u00bb4.27.4&Prime; _module_preset=\u00a0\u00bbdefault\u00a0\u00bb header_font=\u00a0\u00bb||||||||\u00a0\u00bb header_text_align=\u00a0\u00bbleft\u00a0\u00bb header_font_size=\u00a0\u00bb14px\u00a0\u00bb image_icon_custom_margin=\u00a0\u00bb0px|0px|0px|0px|false|false\u00a0\u00bb image_icon_custom_padding=\u00a0\u00bb0px||0px|0px|false|false\u00a0\u00bb custom_margin=\u00a0\u00bb||0px||false|false\u00a0\u00bb custom_padding=\u00a0\u00bb|5px||5px|false|false\u00a0\u00bb global_colors_info=\u00a0\u00bb{}\u00a0\u00bb][\/et_pb_blurb][et_pb_blurb title=\u00a0\u00bbPaiement s\u00e9curis\u00e9\u00a0\u00bb use_icon=\u00a0\u00bbon\u00a0\u00bb font_icon=\u00a0\u00bb&#xf1f0;||fa||400&Prime; icon_placement=\u00a0\u00bbleft\u00a0\u00bb image_icon_width=\u00a0\u00bb15px\u00a0\u00bb _builder_version=\u00a0\u00bb4.27.4&Prime; _module_preset=\u00a0\u00bbdefault\u00a0\u00bb header_font=\u00a0\u00bb||||||||\u00a0\u00bb header_text_align=\u00a0\u00bbleft\u00a0\u00bb header_font_size=\u00a0\u00bb14px\u00a0\u00bb image_icon_custom_margin=\u00a0\u00bb0px|0px|0px|0px|false|false\u00a0\u00bb image_icon_custom_padding=\u00a0\u00bb0px||0px|0px|false|false\u00a0\u00bb custom_margin=\u00a0\u00bb||0px||false|false\u00a0\u00bb custom_padding=\u00a0\u00bb||5px|5px|false|false\u00a0\u00bb global_colors_info=\u00a0\u00bb{}\u00a0\u00bb][\/et_pb_blurb][et_pb_blurb title=\u00a0\u00bbPaiement Paypal 4 fois sans frais\u00a0\u00bb use_icon=\u00a0\u00bbon\u00a0\u00bb font_icon=\u00a0\u00bb&#xf1ed;||fa||400&Prime; icon_placement=\u00a0\u00bbleft\u00a0\u00bb image_icon_width=\u00a0\u00bb15px\u00a0\u00bb _builder_version=\u00a0\u00bb4.27.4&Prime; _module_preset=\u00a0\u00bbdefault\u00a0\u00bb header_font=\u00a0\u00bb||||||||\u00a0\u00bb header_text_align=\u00a0\u00bbleft\u00a0\u00bb header_font_size=\u00a0\u00bb14px\u00a0\u00bb image_icon_custom_margin=\u00a0\u00bb0px|0px|0px|0px|false|false\u00a0\u00bb image_icon_custom_padding=\u00a0\u00bb0px||0px|0px|false|false\u00a0\u00bb custom_margin=\u00a0\u00bb||0px||false|false\u00a0\u00bb custom_padding=\u00a0\u00bb|5px||5px|false|false\u00a0\u00bb global_colors_info=\u00a0\u00bb{}\u00a0\u00bb][\/et_pb_blurb][et_pb_wc_meta separator=\u00a0\u00bb-\u00a0\u00bb _builder_version=\u00a0\u00bb4.27.6&Prime; body_font=\u00a0\u00bbPoppins||||||||\u00a0\u00bb body_text_align=\u00a0\u00bbjustify\u00a0\u00bb body_text_color=\u00a0\u00bbrgba(0,0,0,0.41)\u00a0\u00bb body_font_size=\u00a0\u00bb11px\u00a0\u00bb body_line_height=\u00a0\u00bb1.6em\u00a0\u00bb background_color=\u00a0\u00bb#ffffff\u00a0\u00bb background_enable_image=\u00a0\u00bboff\u00a0\u00bb custom_margin=\u00a0\u00bb20px||||false|false\u00a0\u00bb custom_padding=\u00a0\u00bb|10px||10px|false|false\u00a0\u00bb global_colors_info=\u00a0\u00bb{}\u00a0\u00bb][\/et_pb_wc_meta][\/et_pb_column][\/et_pb_row][et_pb_row _builder_version=\u00a0\u00bb4.27.6&Prime; _module_preset=\u00a0\u00bbdefault\u00a0\u00bb width=\u00a0\u00bb100%\u00a0\u00bb module_alignment=\u00a0\u00bbcenter\u00a0\u00bb custom_margin=\u00a0\u00bb|10px||10px|false|false\u00a0\u00bb custom_padding=\u00a0\u00bb|10px||10px|false|false\u00a0\u00bb global_colors_info=\u00a0\u00bb{}\u00a0\u00bb][et_pb_column type=\u00a0\u00bb4_4&Prime; _builder_version=\u00a0\u00bb4.27.4&Prime; _module_preset=\u00a0\u00bbdefault\u00a0\u00bb global_colors_info=\u00a0\u00bb{}\u00a0\u00bb][et_pb_wc_description description_type=\u00a0\u00bbdescription\u00a0\u00bb _builder_version=\u00a0\u00bb4.27.6&Prime; _module_preset=\u00a0\u00bbdefault\u00a0\u00bb width=\u00a0\u00bb100%\u00a0\u00bb global_colors_info=\u00a0\u00bb{}\u00a0\u00bb][\/et_pb_wc_description][\/et_pb_column][\/et_pb_row][\/et_pb_section][et_pb_section fb_built=\u00a0\u00bb1&Prime; _builder_version=\u00a0\u00bb4.17.4&Prime; _module_preset=\u00a0\u00bbdefault\u00a0\u00bb custom_margin=\u00a0\u00bb0px||0px||false|false\u00a0\u00bb custom_padding=\u00a0\u00bb28px||22px|||\u00a0\u00bb global_colors_info=\u00a0\u00bb{}\u00a0\u00bb][et_pb_row _builder_version=\u00a0\u00bb4.17.4&Prime; _module_preset=\u00a0\u00bbdefault\u00a0\u00bb global_colors_info=\u00a0\u00bb{}\u00a0\u00bb][et_pb_column type=\u00a0\u00bb4_4&Prime; _builder_version=\u00a0\u00bb4.17.4&Prime; _module_preset=\u00a0\u00bbdefault\u00a0\u00bb global_colors_info=\u00a0\u00bb{}\u00a0\u00bb][et_pb_code _builder_version=\u00a0\u00bb4.17.4&Prime; _module_preset=\u00a0\u00bbdefault\u00a0\u00bb global_colors_info=\u00a0\u00bb{}\u00a0\u00bb]<\/p>\n<div id=\"sagProductReviews\"><\/div>\n<p><!-- [et_pb_line_break_holder] --><script><!-- [et_pb_line_break_holder] -->  window.onload = function () {<!-- [et_pb_line_break_holder] --> if (document.getElementById(\"ag-s\")) {<!-- [et_pb_line_break_holder] --> var sagProductReviews = document.getElementById(\"ag-s\");<!-- [et_pb_line_break_holder] --> document.getElementById(\"sagProductReviews\").appendChild(sagProductReviews);<!-- [et_pb_line_break_holder] --> sagProductReviews.setAttribute(\"style\", \"display:block !important;\");<!-- [et_pb_line_break_holder] --> }<!-- [et_pb_line_break_holder] -->if (document.getElementById(\"agWidgetH\")) {<!-- [et_pb_line_break_holder] --> var sagWidgetSummary = document.getElementById(\"agWidgetH\");<!-- [et_pb_line_break_holder] --> document.getElementById(\"sagWidgetSummary\").appendChild(sagWidgetSummary);<!-- [et_pb_line_break_holder] --> sagWidgetSummary.setAttribute(\"style\", \"display:block !important;\");<!-- [et_pb_line_break_holder] --> }<!-- [et_pb_line_break_holder] -->}<!-- [et_pb_line_break_holder] --><\/script>[\/et_pb_code][\/et_pb_column][\/et_pb_row][\/et_pb_section][et_pb_section fb_built=\u00a0\u00bb1&Prime; _builder_version=\u00a0\u00bb4.17.4&Prime; background_enable_image=\u00a0\u00bboff\u00a0\u00bb background_size=\u00a0\u00bbcontain\u00a0\u00bb background_position=\u00a0\u00bbtop_left\u00a0\u00bb custom_margin=\u00a0\u00bb0px||0px||false|false\u00a0\u00bb custom_padding=\u00a0\u00bb10px||10px||false|false\u00a0\u00bb border_width_top=\u00a0\u00bb26px\u00a0\u00bb border_color_top=\u00a0\u00bb#bf855e\u00a0\u00bb global_colors_info=\u00a0\u00bb{}\u00a0\u00bb][et_pb_row _builder_version=\u00a0\u00bb4.17.4&Prime; _module_preset=\u00a0\u00bbdefault\u00a0\u00bb custom_padding=\u00a0\u00bb0px||10px||false|false\u00a0\u00bb global_colors_info=\u00a0\u00bb{}\u00a0\u00bb][et_pb_column type=\u00a0\u00bb4_4&Prime; _builder_version=\u00a0\u00bb4.17.4&Prime; _module_preset=\u00a0\u00bbdefault\u00a0\u00bb global_colors_info=\u00a0\u00bb{}\u00a0\u00bb][et_pb_image src=\u00a0\u00bbhttps:\/\/bbies.fr\/couches-lavables\/wp-content\/uploads\/2022\/12\/VF_LOGO_RVB.png\u00a0\u00bb title_text=\u00a0\u00bbVF_LOGO_RVB\u00a0\u00bb _builder_version=\u00a0\u00bb4.17.4&Prime; _module_preset=\u00a0\u00bbdefault\u00a0\u00bb width=\u00a0\u00bb26%\u00a0\u00bb module_alignment=\u00a0\u00bbleft\u00a0\u00bb global_colors_info=\u00a0\u00bb{}\u00a0\u00bb][\/et_pb_image][\/et_pb_column][\/et_pb_row][et_pb_row column_structure=\u00a0\u00bb2_3,1_3&Prime; _builder_version=\u00a0\u00bb4.17.4&Prime; custom_margin=\u00a0\u00bb|auto|||false|false\u00a0\u00bb custom_padding=\u00a0\u00bb0px||||false|false\u00a0\u00bb global_colors_info=\u00a0\u00bb{}\u00a0\u00bb][et_pb_column type=\u00a0\u00bb2_3&Prime; _builder_version=\u00a0\u00bb4.16&Prime; global_colors_info=\u00a0\u00bb{}\u00a0\u00bb][et_pb_text _builder_version=\u00a0\u00bb4.17.4&Prime; _module_preset=\u00a0\u00bbdefault\u00a0\u00bb global_colors_info=\u00a0\u00bb{}\u00a0\u00bb]<\/p>\n<h3>La petite histoire Comme Avant<\/h3>\n<p>C\u2019est en 2017, avec la naissance de Nael que Comme Avant est n\u00e9. Sophie et Nil cherchaient \u00e0<br \/>am\u00e9liorer leur environnement pour le bien \u00eatre de leur famille. Lorsque des plaques rouges sont<br \/>apparues sur les mains et les jambes de leur nouveau-n\u00e9, aucun produit, pas m\u00eame ceux<br \/>certifi\u00e9s biologiques ne pouvaient soulager ses irritations. C\u2019est alors l\u00e0, qu\u2019ils ont d\u00e9cid\u00e9 de se<br \/>lancer dans la fabrication de leur propre savon.<br \/>4 ans plus tard, Comme Avant a bien grandi et est devenu une entreprise atypique mais avant<br \/>tout une aventure humaine qui souhaite \u00e0 son \u00e9chelle participer \u00e0 la transition \u00e9cologique.<br \/>C\u2019est tout pr\u00e8s de Marseille, dans leur atelier artisanal, que sont fabriqu\u00e9s \u00e0 la main, cosm\u00e9tiques<br \/>z\u00e9ro d\u00e9chets bio et v\u00eatements durables.<\/p>\n<p>[\/et_pb_text][\/et_pb_column][et_pb_column type=\u00a0\u00bb1_3&Prime; _builder_version=\u00a0\u00bb4.16&Prime; global_colors_info=\u00a0\u00bb{}\u00a0\u00bb][et_pb_video src=\u00a0\u00bbhttps:\/\/www.youtube.com\/playlist?list=PL0ZtUjbROpewqnhH8Yde4dyw2amz0VAC-\u00a0\u00bb _builder_version=\u00a0\u00bb4.17.4&Prime; _module_preset=\u00a0\u00bbdefault\u00a0\u00bb global_colors_info=\u00a0\u00bb{}\u00a0\u00bb][\/et_pb_video][\/et_pb_column][\/et_pb_row][\/et_pb_section][et_pb_section fb_built=\u00a0\u00bb1&Prime; _builder_version=\u00a0\u00bb4.17.4&Prime; _module_preset=\u00a0\u00bbdefault\u00a0\u00bb background_color=\u00a0\u00bbrgba(191,133,94,0.38)\u00a0\u00bb custom_padding=\u00a0\u00bb11px||20px|||\u00a0\u00bb global_colors_info=\u00a0\u00bb{}\u00a0\u00bb][et_pb_row _builder_version=\u00a0\u00bb4.16&Prime; _module_preset=\u00a0\u00bbdefault\u00a0\u00bb global_colors_info=\u00a0\u00bb{}\u00a0\u00bb][et_pb_column type=\u00a0\u00bb4_4&Prime; _builder_version=\u00a0\u00bb4.16&Prime; _module_preset=\u00a0\u00bbdefault\u00a0\u00bb global_colors_info=\u00a0\u00bb{}\u00a0\u00bb][et_pb_text _builder_version=\u00a0\u00bb4.16&Prime; _module_preset=\u00a0\u00bbdefault\u00a0\u00bb text_font=\u00a0\u00bbLato||||||||\u00a0\u00bb text_text_color=\u00a0\u00bb#FFFFFF\u00a0\u00bb text_font_size=\u00a0\u00bb47px\u00a0\u00bb header_2_text_align=\u00a0\u00bbcenter\u00a0\u00bb header_2_text_color=\u00a0\u00bb#FFFFFF\u00a0\u00bb header_2_font_size=\u00a0\u00bb40px\u00a0\u00bb global_colors_info=\u00a0\u00bb{}\u00a0\u00bb]<\/p>\n<h2 style=\"text-align: center;\">Compl\u00e9tez vos achats<\/h2>\n<p>[\/et_pb_text][\/et_pb_column][\/et_pb_row][et_pb_row _builder_version=\u00a0\u00bb4.16&Prime; _module_preset=\u00a0\u00bbdefault\u00a0\u00bb custom_padding=\u00a0\u00bb3px|||||\u00a0\u00bb global_colors_info=\u00a0\u00bb{}\u00a0\u00bb][et_pb_column type=\u00a0\u00bb4_4&Prime; _builder_version=\u00a0\u00bb4.16&Prime; _module_preset=\u00a0\u00bbdefault\u00a0\u00bb global_colors_info=\u00a0\u00bb{}\u00a0\u00bb][dswc_woocommerce_carousel product_view_type=\u00a0\u00bbproducts_category\u00a0\u00bb product_count=\u00a0\u00bb12&Prime; products_category=\u00a0\u00bb471,216&Prime; sort_by=\u00a0\u00bbrand\u00a0\u00bb column_layout=\u00a0\u00bb5&Prime; loop=\u00a0\u00bbon\u00a0\u00bb autoplay=\u00a0\u00bbon\u00a0\u00bb auto_speed=\u00a0\u00bb3000&Prime; show_arrow=\u00a0\u00bboff\u00a0\u00bb out_of_stock=\u00a0\u00bboff\u00a0\u00bb show_controls=\u00a0\u00bboff\u00a0\u00bb add_cart_button_text=\u00a0\u00bbVoir le produit\u00a0\u00bb button_action=\u00a0\u00bbcart\u00a0\u00bb column_layout_tablet=\u00a0\u00bb\u00a0\u00bb column_layout_phone=\u00a0\u00bb2&Prime; column_layout_last_edited=\u00a0\u00bbon|phone\u00a0\u00bb _builder_version=\u00a0\u00bb4.17.4&Prime; _module_preset=\u00a0\u00bbdefault\u00a0\u00bb title_text_align=\u00a0\u00bbcenter\u00a0\u00bb title_text_color=\u00a0\u00bb#000000&Prime; title_font_size=\u00a0\u00bb17px\u00a0\u00bb price_text_align=\u00a0\u00bbcenter\u00a0\u00bb price_text_color=\u00a0\u00bb#000000&Prime; price_font_size=\u00a0\u00bb17px\u00a0\u00bb custom_add_cart_button=\u00a0\u00bbon\u00a0\u00bb add_cart_button_text_size=\u00a0\u00bb14px\u00a0\u00bb add_cart_button_text_color=\u00a0\u00bb#000000&Prime; add_cart_button_alignment=\u00a0\u00bbcenter\u00a0\u00bb custom_margin=\u00a0\u00bb||-2px|||\u00a0\u00bb custom_padding=\u00a0\u00bb||0px|||\u00a0\u00bb global_colors_info=\u00a0\u00bb{}\u00a0\u00bb _i=\u00a0\u00bb0&Prime; _address=\u00a0\u00bb3.1.0.0&Prime; \/][\/et_pb_column][\/et_pb_row][\/et_pb_section][et_pb_section fb_built=\u00a0\u00bb1&Prime; _builder_version=\u00a0\u00bb4.16&Prime; global_colors_info=\u00a0\u00bb{}\u00a0\u00bb][et_pb_row column_structure=\u00a0\u00bb1_2,1_2&Prime; _builder_version=\u00a0\u00bb4.16&Prime; background_color=\u00a0\u00bb#ffffff\u00a0\u00bb global_colors_info=\u00a0\u00bb{}\u00a0\u00bb][et_pb_column type=\u00a0\u00bb1_2&Prime; _builder_version=\u00a0\u00bb4.16&Prime; global_colors_info=\u00a0\u00bb{}\u00a0\u00bb][et_pb_signup provider=\u00a0\u00bbsendinblue\u00a0\u00bb sendinblue_list=\u00a0\u00bbLTS|29&Prime; success_message=\u00a0\u00bbInscription r\u00e9ussie !\u00a0\u00bb button_text=\u00a0\u00bbJe m&rsquo;abonne ! \u00a0\u00bb description=\u00a0\u00bb<\/p>\n<p style=%22text-align: center;%22><img src=%22https:\/\/bbies.fr\/couches-lavables\/wp-content\/uploads\/2019\/11\/on-reste-en-contact-300x85.png%22 width=%22300%22 height=%2285%22 alt=%22%22 class=%22wp-image-546 alignnone size-medium%22 \/><\/p>\n<p style=%22text-align: center;%22>Les bonnes choses arrivent&#8230; \u00e0 ceux qui s&rsquo;inscrivent \u00e0 notre newsletter \ud83d\ude42<\/p>\n<p>\u00a0\u00bb _builder_version=\u00a0\u00bb4.16&Prime; header_font=\u00a0\u00bbPoppins||||||||\u00a0\u00bb body_font=\u00a0\u00bbPoppins|300|||||||\u00a0\u00bb background_color=\u00a0\u00bb#a6d6ce\u00a0\u00bb custom_button=\u00a0\u00bbon\u00a0\u00bb button_border_width=\u00a0\u00bb2px\u00a0\u00bb button_border_radius=\u00a0\u00bb31px\u00a0\u00bb button_font=\u00a0\u00bbPoppins||||||||\u00a0\u00bb text_orientation=\u00a0\u00bbcenter\u00a0\u00bb global_colors_info=\u00a0\u00bb{}\u00a0\u00bb][\/et_pb_signup][\/et_pb_column][et_pb_column type=\u00a0\u00bb1_2&Prime; _builder_version=\u00a0\u00bb4.16&Prime; global_colors_info=\u00a0\u00bb{}\u00a0\u00bb][et_pb_text _builder_version=\u00a0\u00bb4.16&Prime; text_font=\u00a0\u00bbPoppins||||||||\u00a0\u00bb text_text_color=\u00a0\u00bb#ffffff\u00a0\u00bb text_font_size=\u00a0\u00bb20px\u00a0\u00bb text_line_height=\u00a0\u00bb2.5em\u00a0\u00bb background_color=\u00a0\u00bb#006277&Prime; custom_padding=\u00a0\u00bb||0px|||\u00a0\u00bb global_colors_info=\u00a0\u00bb{}\u00a0\u00bb]<\/p>\n<p style=\"text-align: center;\"><img loading=\"lazy\" decoding=\"async\" src=\"https:\/\/bbies.fr\/couches-lavables\/wp-content\/uploads\/2019\/11\/on-se-suit.png\" width=\"232\" height=\"106\" alt=\"\" class=\"wp-image-544 alignnone size-full\" \/><\/p>\n<p>[\/et_pb_text][et_pb_text _builder_version=\u00a0\u00bb4.16&Prime; text_font=\u00a0\u00bbPoppins|300|||||||\u00a0\u00bb text_text_color=\u00a0\u00bb#ffffff\u00a0\u00bb text_font_size=\u00a0\u00bb17px\u00a0\u00bb text_line_height=\u00a0\u00bb2.4em\u00a0\u00bb background_color=\u00a0\u00bb#006277&Prime; max_width=\u00a0\u00bb100%\u00a0\u00bb min_height=\u00a0\u00bb62px\u00a0\u00bb max_height=\u00a0\u00bb1000px\u00a0\u00bb custom_margin=\u00a0\u00bb-37px|||||\u00a0\u00bb custom_padding=\u00a0\u00bb5px|||||\u00a0\u00bb global_colors_info=\u00a0\u00bb{}\u00a0\u00bb]<\/p>\n<p style=\"text-align: center;\">Retrouvez-nous sur nos r\u00e9seaux sociaux\u00a0<\/p>\n<p>[\/et_pb_text][et_pb_social_media_follow use_icon_font_size=\u00a0\u00bbon\u00a0\u00bb icon_font_size=\u00a0\u00bb55px\u00a0\u00bb _builder_version=\u00a0\u00bb4.16&Prime; background_color=\u00a0\u00bb#006277&Prime; text_orientation=\u00a0\u00bbcenter\u00a0\u00bb min_height=\u00a0\u00bb310px\u00a0\u00bb custom_margin=\u00a0\u00bb-38px||0px||false|false\u00a0\u00bb custom_padding=\u00a0\u00bb40px||20px||false|false\u00a0\u00bb global_colors_info=\u00a0\u00bb{}\u00a0\u00bb][et_pb_social_media_follow_network social_network=\u00a0\u00bbfacebook\u00a0\u00bb url=\u00a0\u00bbhttps:\/\/www.facebook.com\/Bbiesfrance\u00a0\u00bb _builder_version=\u00a0\u00bb4.16&Prime; background_color=\u00a0\u00bb#c0b09d\u00a0\u00bb background_enable_color=\u00a0\u00bbon\u00a0\u00bb global_colors_info=\u00a0\u00bb{}\u00a0\u00bb follow_button=\u00a0\u00bboff\u00a0\u00bb url_new_window=\u00a0\u00bbon\u00a0\u00bb]facebook[\/et_pb_social_media_follow_network][et_pb_social_media_follow_network social_network=\u00a0\u00bbinstagram\u00a0\u00bb url=\u00a0\u00bbhttps:\/\/www.instagram.com\/bbies.fr\/?hl=fr\u00a0\u00bb _builder_version=\u00a0\u00bb4.16&Prime; background_color=\u00a0\u00bb#c0b09d\u00a0\u00bb background_enable_color=\u00a0\u00bbon\u00a0\u00bb global_colors_info=\u00a0\u00bb{}\u00a0\u00bb follow_button=\u00a0\u00bboff\u00a0\u00bb url_new_window=\u00a0\u00bbon\u00a0\u00bb]instagram[\/et_pb_social_media_follow_network][et_pb_social_media_follow_network social_network=\u00a0\u00bbyoutube\u00a0\u00bb url=\u00a0\u00bbhttps:\/\/www.youtube.com\/channel\/UCfVd-x-WbW_-hGE4WvJzamQ%20&Prime; _builder_version=\u00a0\u00bb4.16&Prime; background_color=\u00a0\u00bb#c0b09d\u00a0\u00bb background_enable_color=\u00a0\u00bbon\u00a0\u00bb global_colors_info=\u00a0\u00bb{}\u00a0\u00bb follow_button=\u00a0\u00bboff\u00a0\u00bb url_new_window=\u00a0\u00bbon\u00a0\u00bb]youtube[\/et_pb_social_media_follow_network][\/et_pb_social_media_follow][\/et_pb_column][\/et_pb_row][\/et_pb_section]<\/p>\n","protected":false},"excerpt":{"rendered":"<p data-start=\"109\" data-end=\"392\">Apr\u00e8s des journ\u00e9es \u00e0 courir partout et \u00e0 vous occuper des enfants, accordez \u00e0 vos pieds une vraie pause avec ce baume nourrissant naturel sp\u00e9cialement con\u00e7u pour les peaux s\u00e8ches et ab\u00eem\u00e9es. Sa texture fondante enveloppe la peau, l\u2019adoucit et lui redonne souplesse d\u00e8s l\u2019application.<\/p>\n<p data-start=\"394\" data-end=\"506\">Un soin r\u00e9confortant id\u00e9al pour retrouver des pieds doux et hydrat\u00e9s, m\u00eame apr\u00e8s les journ\u00e9es les plus intenses.<\/p>\n<ul data-start=\"529\" data-end=\"694\">\n<li data-section-id=\"1r751u2\" data-start=\"529\" data-end=\"578\">Nourrit intens\u00e9ment les pieds secs et rugueux<\/li>\n<li data-section-id=\"ew3k9a\" data-start=\"579\" data-end=\"611\">Assouplit et adoucit la peau<\/li>\n<li data-section-id=\"zi0cmk\" data-start=\"612\" data-end=\"644\">Texture fondante et agr\u00e9able<\/li>\n<\/ul>\n","protected":false},"featured_media":1729576,"comment_status":"closed","ping_status":"closed","template":"","meta":{"_acf_changed":false,"_et_pb_use_builder":"on","_et_pb_old_content":"<a href=\"https:\/\/bbies.fr\/couches-lavables\/wp-content\/uploads\/2026\/04\/mira-logo-noir-e3fd60bcf5378fe49d1f8adbda18be4e18f43c68bacb13d0ba32ee1b0ebc2557.png\"><img class=\"alignnone size-medium wp-image-1729492\" src=\"https:\/\/bbies.fr\/couches-lavables\/wp-content\/uploads\/2026\/04\/mira-logo-noir-e3fd60bcf5378fe49d1f8adbda18be4e18f43c68bacb13d0ba32ee1b0ebc2557-300x89.png\" alt=\"\" width=\"300\" height=\"89\" \/><\/a>\r\n<p data-start=\"176\" data-end=\"444\">MIRA est une marque fran\u00e7aise de cosm\u00e9tique naturelle qui incarne une vision authentique et engag\u00e9e de la beaut\u00e9. Fond\u00e9e par des passionn\u00e9s, elle repose sur une philosophie simple : proposer des soins purs, efficaces et respectueux de la peau comme de l\u2019environnement.<\/p>\r\n<p data-start=\"446\" data-end=\"826\">Sp\u00e9cialis\u00e9e dans les huiles v\u00e9g\u00e9tales vierges et les soins bruts, MIRA privil\u00e9gie des formules minimalistes, sans ingr\u00e9dients superflus. Chaque produit est con\u00e7u \u00e0 partir de mati\u00e8res premi\u00e8res naturelles, souvent issues de fili\u00e8res \u00e9quitables entre la France et Madagascar, garantissant une qualit\u00e9 exceptionnelle et une tra\u00e7abilit\u00e9 totale.<\/p>\r\n<p data-start=\"828\" data-end=\"1191\">La marque se distingue par son approche du \u201cless is more\u201d : moins d\u2019ingr\u00e9dients, mais mieux s\u00e9lectionn\u00e9s, pour pr\u00e9server les bienfaits naturels des plantes et respecter l\u2019\u00e9quilibre de la peau. Les huiles, beurres et s\u00e9rums propos\u00e9s sont multifonctions et s\u2019adaptent aussi bien aux soins du visage, du corps que des cheveux.<\/p>\r\n&nbsp;\r\n\r\n<hr \/>\r\n\r\n&nbsp;\r\n<h3>Le baume pour les pieds secs<\/h3>\r\n<p data-start=\"733\" data-end=\"1111\">Formul\u00e9 \u00e0 partir d\u2019ingr\u00e9dients naturels riches et compl\u00e9mentaires, ce baume associe la cire d\u2019abeille \u00e0 des huiles et beurres v\u00e9g\u00e9taux reconnus pour leurs propri\u00e9t\u00e9s nourrissantes et protectrices. Le beurre de cacao et les huiles de baobab, de chanvre, de ricin et de tournesol agissent en synergie pour restaurer le confort des pieds tr\u00e8s secs et renforcer la barri\u00e8re cutan\u00e9e.<\/p>\r\n<p data-start=\"1113\" data-end=\"1402\">Pens\u00e9 comme un v\u00e9ritable rituel de soin, il s\u2019int\u00e8gre parfaitement dans une routine d\u00e9di\u00e9e au bien-\u00eatre des pieds. Son format en pot, pratique, permet de l\u2019emporter facilement, tandis que sa texture riche cr\u00e9e un film protecteur qui aide \u00e0 maintenir l\u2019hydratation dans le temps.<\/p>\r\n\r\n\r\n<hr \/>\r\n\r\n<h3><\/h3>\r\n<h3>Utilisation<\/h3>\r\n<p data-start=\"1598\" data-end=\"1797\">Appliquer une petite quantit\u00e9 de baume sur des pieds propres et secs, en insistant sur les zones les plus s\u00e8ches ou ab\u00eem\u00e9es.<br data-start=\"1722\" data-end=\"1725\" \/>Masser jusqu\u2019\u00e0 absorption pour faire p\u00e9n\u00e9trer les actifs nourrissants.<\/p>\r\n<p data-start=\"1799\" data-end=\"1933\">Pour un soin plus intense, appliquer g\u00e9n\u00e9reusement le soir puis enfiler des chaussettes en coton afin de laisser agir toute la nuit.<\/p>\r\n<p data-start=\"1935\" data-end=\"2101\">Pour optimiser les r\u00e9sultats, il est conseill\u00e9 d\u2019int\u00e9grer ce baume dans une routine incluant exfoliation et bain de pieds afin de pr\u00e9parer la peau \u00e0 recevoir le soin.<\/p>\r\n\r\n\r\n<hr \/>\r\n\r\n<h3><\/h3>\r\n<h3>Pr\u00e9cautions d'usage<\/h3>\r\n<ul>\r\n \t<li data-section-id=\"wd10op\" data-start=\"2137\" data-end=\"2165\">Usage externe uniquement<\/li>\r\n \t<li data-section-id=\"1mtuab2\" data-start=\"2166\" data-end=\"2201\">\u00c9viter le contact avec les yeux<\/li>\r\n \t<li data-section-id=\"dgbq2q\" data-start=\"2202\" data-end=\"2253\">Ne pas appliquer sur une peau l\u00e9s\u00e9e ou infect\u00e9e<\/li>\r\n \t<li data-section-id=\"1i6svqi\" data-start=\"2254\" data-end=\"2312\">Effectuer un test cutan\u00e9 avant la premi\u00e8re utilisation<\/li>\r\n \t<li data-section-id=\"yet2ow\" data-start=\"2313\" data-end=\"2387\">Conserver dans un endroit sec, \u00e0 l\u2019abri de la chaleur et de la lumi\u00e8re<\/li>\r\n \t<li data-section-id=\"11xc01m\" data-start=\"2388\" data-end=\"2434\">\u00c0 utiliser dans les 4 mois apr\u00e8s ouverture<\/li>\r\n<\/ul>\r\n<div class=\"customMediumFont\">\r\n<div class=\"customMediumFont\">\r\n<div class=\"customMediumFont\">\r\n<div>\r\n<div><\/div>\r\n<\/div>\r\n<\/div>\r\n<\/div>\r\n<div>\r\n<div class=\"inci_list_content\">\r\n\r\n<hr \/>\r\n\r\n<h3><\/h3>\r\n<\/div>\r\n<\/div>\r\n<h3>Composition<\/h3>\r\n<div class=\"customMediumFont\">\r\n<div class=\"customMediumFont\">\r\n<div class=\"customMediumFont\">\r\n<ul>\r\n \t<li><strong>Huile de baobab : <\/strong>renforce la barri\u00e8re cutan\u00e9e en nourrissant votre peau en profondeur.<\/li>\r\n \t<li><strong>Huile de ricin : <\/strong>compos\u00e9e \u00e0 plus de 85% d'acide ricinol\u00e9ique, fait des merveilles en terme de renouvellement cellulaire de la peau.<\/li>\r\n \t<li><strong>Huile de chanvre :<\/strong> riche en om\u00e9ga-3, -6 et -9. Le parfait combo pour nourrir votre peau et lui apporter la souplesse qu'elle m\u00e9rite.<\/li>\r\n \t<li><strong>Beurre de cacao : <\/strong>Un beurre tr\u00e8s nourrissant \u00e0 l'odeur gourmande et bien connue du cacao.<\/li>\r\n \t<li><strong>Huile de tournesol : <\/strong>Riche en vitamine E, cette huile favorise le maintient de l'hydratation de la peau.<\/li>\r\n \t<li><strong>Cire d'abeille : <\/strong>La cire d'abeille apporte douceur et \u00e9lasticit\u00e9 \u00e0 la peau. Sa texture \u00e9paisse et fondante vous laissera un petit film protecteur sur la peau.<\/li>\r\n<\/ul>\r\n<\/div>\r\n<div>\r\n<div class=\"inci_list\"><strong>Liste des Ingr\u00e9dients<\/strong><\/div>\r\n<div class=\"inci_list_content\">\r\n\r\n<span id=\"DOCS-INTERNAL-GUID-034FBA20-7FFF-291F-C6C2-6956E37B93EE\">INCI : RICINUS COMMUNIS SEED OIL, HELIANTHUS ANNUUS SEED OIL, ADANSONIA GRANDIDIERI OIL, CANNABIS SATIVA SEED OIL, CERA ALBA, THEOBROMA CACAO SEED BUTTER.<\/span>\r\n\r\n<\/div>\r\n<div class=\"inci_list_disclaimer\">* compos\u00e9s naturellement pr\u00e9sent dans les huiles essentielles, toujours r\u00e9aliser un petit test d'allergie au creux du coude avant d'utiliser un produit cosm\u00e9tique.<\/div>\r\n<\/div>\r\n<\/div>\r\n<\/div>\r\n<\/div>\r\n<div>\r\n<div class=\"inci_list_content\">\r\n\r\n<hr \/>\r\n\r\n<h3><\/h3>\r\n<h3>Grammage<\/h3>\r\n30 ml\r\n\r\n<\/div>\r\n<\/div>","_et_gb_content_width":""},"product_brand":[1636],"product_cat":[215,518,67,66],"product_tag":[1378],"class_list":{"0":"post-1729573","1":"product","2":"type-product","3":"status-publish","4":"has-post-thumbnail","6":"product_brand-mira","7":"product_cat-corps","8":"product_cat-nouveautes-femmes","9":"product_cat-salle-de-bain","10":"product_cat-zero-dechet","11":"product_tag-cosmetique-solide","12":"pa_produits-baume","14":"first","15":"instock","16":"sale","17":"taxable","18":"shipping-taxable","19":"purchasable","20":"product-type-simple"},"bundled_by":[],"bundle_stock_status":"instock","bundle_stock_quantity":6,"bundle_virtual":false,"bundle_layout":"","bundle_add_to_cart_form_location":"","bundle_editable_in_cart":false,"bundle_sold_individually_context":"","bundle_item_grouping":"","bundle_min_size":"","bundle_max_size":"","bundle_price":[],"bundled_items":[],"bundle_sell_ids":[],"acf":[],"yoast_head":"<!-- This site is optimized with the Yoast SEO plugin v27.4 - https:\/\/yoast.com\/product\/yoast-seo-wordpress\/ -->\n<title>Baume pieds secs - Mira | B&#039;bies<\/title>\n<meta name=\"robots\" content=\"index, follow, max-snippet:-1, max-image-preview:large, max-video-preview:-1\" \/>\n<link rel=\"canonical\" href=\"https:\/\/bbies.fr\/couches-lavables\/boutique\/baume-pieds-secs-mira\/\" \/>\n<script type=\"application\/ld+json\" class=\"yoast-schema-graph\">{\"@context\":\"https:\\\/\\\/schema.org\",\"@graph\":[{\"@type\":\"WebPage\",\"@id\":\"https:\\\/\\\/bbies.fr\\\/couches-lavables\\\/boutique\\\/baume-pieds-secs-mira\\\/\",\"url\":\"https:\\\/\\\/bbies.fr\\\/couches-lavables\\\/boutique\\\/baume-pieds-secs-mira\\\/\",\"name\":\"Baume pieds secs - Mira | B&#039;bies\",\"isPartOf\":{\"@id\":\"https:\\\/\\\/bbies.fr\\\/couches-lavables\\\/#website\"},\"primaryImageOfPage\":{\"@id\":\"https:\\\/\\\/bbies.fr\\\/couches-lavables\\\/boutique\\\/baume-pieds-secs-mira\\\/#primaryimage\"},\"image\":{\"@id\":\"https:\\\/\\\/bbies.fr\\\/couches-lavables\\\/boutique\\\/baume-pieds-secs-mira\\\/#primaryimage\"},\"thumbnailUrl\":\"https:\\\/\\\/bbies.fr\\\/couches-lavables\\\/wp-content\\\/uploads\\\/2026\\\/04\\\/Firefly_genere-un-fond-260474.webp\",\"datePublished\":\"2024-05-14T12:52:10+00:00\",\"dateModified\":\"2026-04-22T14:18:40+00:00\",\"breadcrumb\":{\"@id\":\"https:\\\/\\\/bbies.fr\\\/couches-lavables\\\/boutique\\\/baume-pieds-secs-mira\\\/#breadcrumb\"},\"inLanguage\":\"fr-FR\",\"potentialAction\":[{\"@type\":\"ReadAction\",\"target\":[\"https:\\\/\\\/bbies.fr\\\/couches-lavables\\\/boutique\\\/baume-pieds-secs-mira\\\/\"]}]},{\"@type\":\"ImageObject\",\"inLanguage\":\"fr-FR\",\"@id\":\"https:\\\/\\\/bbies.fr\\\/couches-lavables\\\/boutique\\\/baume-pieds-secs-mira\\\/#primaryimage\",\"url\":\"https:\\\/\\\/bbies.fr\\\/couches-lavables\\\/wp-content\\\/uploads\\\/2026\\\/04\\\/Firefly_genere-un-fond-260474.webp\",\"contentUrl\":\"https:\\\/\\\/bbies.fr\\\/couches-lavables\\\/wp-content\\\/uploads\\\/2026\\\/04\\\/Firefly_genere-un-fond-260474.webp\",\"width\":1024,\"height\":1024},{\"@type\":\"BreadcrumbList\",\"@id\":\"https:\\\/\\\/bbies.fr\\\/couches-lavables\\\/boutique\\\/baume-pieds-secs-mira\\\/#breadcrumb\",\"itemListElement\":[{\"@type\":\"ListItem\",\"position\":1,\"name\":\"Accueil\",\"item\":\"https:\\\/\\\/bbies.fr\\\/couches-lavables\\\/\"},{\"@type\":\"ListItem\",\"position\":2,\"name\":\"Boutique Bbies\",\"item\":\"https:\\\/\\\/bbies.fr\\\/couches-lavables\\\/boutique-bbies\\\/\"},{\"@type\":\"ListItem\",\"position\":3,\"name\":\"Baume pieds secs &#8211; Mira\"}]},{\"@type\":\"WebSite\",\"@id\":\"https:\\\/\\\/bbies.fr\\\/couches-lavables\\\/#website\",\"url\":\"https:\\\/\\\/bbies.fr\\\/couches-lavables\\\/\",\"name\":\"B'bies, couches lavables et r\u00e9utilisables\",\"description\":\"De la naissance \u00e0 la propret\u00e9\",\"publisher\":{\"@id\":\"https:\\\/\\\/bbies.fr\\\/couches-lavables\\\/#organization\"},\"alternateName\":\"BBIES\",\"potentialAction\":[{\"@type\":\"SearchAction\",\"target\":{\"@type\":\"EntryPoint\",\"urlTemplate\":\"https:\\\/\\\/bbies.fr\\\/couches-lavables\\\/?s={search_term_string}\"},\"query-input\":{\"@type\":\"PropertyValueSpecification\",\"valueRequired\":true,\"valueName\":\"search_term_string\"}}],\"inLanguage\":\"fr-FR\"},{\"@type\":\"Organization\",\"@id\":\"https:\\\/\\\/bbies.fr\\\/couches-lavables\\\/#organization\",\"name\":\"B'bies\",\"url\":\"https:\\\/\\\/bbies.fr\\\/couches-lavables\\\/\",\"logo\":{\"@type\":\"ImageObject\",\"inLanguage\":\"fr-FR\",\"@id\":\"https:\\\/\\\/bbies.fr\\\/couches-lavables\\\/#\\\/schema\\\/logo\\\/image\\\/\",\"url\":\"https:\\\/\\\/bbies.fr\\\/couches-lavables\\\/wp-content\\\/uploads\\\/2019\\\/12\\\/logo-web.jpg\",\"contentUrl\":\"https:\\\/\\\/bbies.fr\\\/couches-lavables\\\/wp-content\\\/uploads\\\/2019\\\/12\\\/logo-web.jpg\",\"width\":364,\"height\":151,\"caption\":\"B'bies\"},\"image\":{\"@id\":\"https:\\\/\\\/bbies.fr\\\/couches-lavables\\\/#\\\/schema\\\/logo\\\/image\\\/\"},\"sameAs\":[\"https:\\\/\\\/www.facebook.com\\\/bbies.fr\\\/\",\"https:\\\/\\\/www.instagram.com\\\/bbies.fr\"]}]}<\/script>\n<!-- \/ Yoast SEO plugin. -->","yoast_head_json":{"title":"Baume pieds secs - Mira | B&#039;bies","robots":{"index":"index","follow":"follow","max-snippet":"max-snippet:-1","max-image-preview":"max-image-preview:large","max-video-preview":"max-video-preview:-1"},"canonical":"https:\/\/bbies.fr\/couches-lavables\/boutique\/baume-pieds-secs-mira\/","schema":{"@context":"https:\/\/schema.org","@graph":[{"@type":"WebPage","@id":"https:\/\/bbies.fr\/couches-lavables\/boutique\/baume-pieds-secs-mira\/","url":"https:\/\/bbies.fr\/couches-lavables\/boutique\/baume-pieds-secs-mira\/","name":"Baume pieds secs - Mira | B&#039;bies","isPartOf":{"@id":"https:\/\/bbies.fr\/couches-lavables\/#website"},"primaryImageOfPage":{"@id":"https:\/\/bbies.fr\/couches-lavables\/boutique\/baume-pieds-secs-mira\/#primaryimage"},"image":{"@id":"https:\/\/bbies.fr\/couches-lavables\/boutique\/baume-pieds-secs-mira\/#primaryimage"},"thumbnailUrl":"https:\/\/bbies.fr\/couches-lavables\/wp-content\/uploads\/2026\/04\/Firefly_genere-un-fond-260474.webp","datePublished":"2024-05-14T12:52:10+00:00","dateModified":"2026-04-22T14:18:40+00:00","breadcrumb":{"@id":"https:\/\/bbies.fr\/couches-lavables\/boutique\/baume-pieds-secs-mira\/#breadcrumb"},"inLanguage":"fr-FR","potentialAction":[{"@type":"ReadAction","target":["https:\/\/bbies.fr\/couches-lavables\/boutique\/baume-pieds-secs-mira\/"]}]},{"@type":"ImageObject","inLanguage":"fr-FR","@id":"https:\/\/bbies.fr\/couches-lavables\/boutique\/baume-pieds-secs-mira\/#primaryimage","url":"https:\/\/bbies.fr\/couches-lavables\/wp-content\/uploads\/2026\/04\/Firefly_genere-un-fond-260474.webp","contentUrl":"https:\/\/bbies.fr\/couches-lavables\/wp-content\/uploads\/2026\/04\/Firefly_genere-un-fond-260474.webp","width":1024,"height":1024},{"@type":"BreadcrumbList","@id":"https:\/\/bbies.fr\/couches-lavables\/boutique\/baume-pieds-secs-mira\/#breadcrumb","itemListElement":[{"@type":"ListItem","position":1,"name":"Accueil","item":"https:\/\/bbies.fr\/couches-lavables\/"},{"@type":"ListItem","position":2,"name":"Boutique Bbies","item":"https:\/\/bbies.fr\/couches-lavables\/boutique-bbies\/"},{"@type":"ListItem","position":3,"name":"Baume pieds secs &#8211; Mira"}]},{"@type":"WebSite","@id":"https:\/\/bbies.fr\/couches-lavables\/#website","url":"https:\/\/bbies.fr\/couches-lavables\/","name":"B'bies, couches lavables et r\u00e9utilisables","description":"De la naissance \u00e0 la propret\u00e9","publisher":{"@id":"https:\/\/bbies.fr\/couches-lavables\/#organization"},"alternateName":"BBIES","potentialAction":[{"@type":"SearchAction","target":{"@type":"EntryPoint","urlTemplate":"https:\/\/bbies.fr\/couches-lavables\/?s={search_term_string}"},"query-input":{"@type":"PropertyValueSpecification","valueRequired":true,"valueName":"search_term_string"}}],"inLanguage":"fr-FR"},{"@type":"Organization","@id":"https:\/\/bbies.fr\/couches-lavables\/#organization","name":"B'bies","url":"https:\/\/bbies.fr\/couches-lavables\/","logo":{"@type":"ImageObject","inLanguage":"fr-FR","@id":"https:\/\/bbies.fr\/couches-lavables\/#\/schema\/logo\/image\/","url":"https:\/\/bbies.fr\/couches-lavables\/wp-content\/uploads\/2019\/12\/logo-web.jpg","contentUrl":"https:\/\/bbies.fr\/couches-lavables\/wp-content\/uploads\/2019\/12\/logo-web.jpg","width":364,"height":151,"caption":"B'bies"},"image":{"@id":"https:\/\/bbies.fr\/couches-lavables\/#\/schema\/logo\/image\/"},"sameAs":["https:\/\/www.facebook.com\/bbies.fr\/","https:\/\/www.instagram.com\/bbies.fr"]}]}},"_links":{"self":[{"href":"https:\/\/bbies.fr\/couches-lavables\/wp-json\/wp\/v2\/product\/1729573","targetHints":{"allow":["GET"]}}],"collection":[{"href":"https:\/\/bbies.fr\/couches-lavables\/wp-json\/wp\/v2\/product"}],"about":[{"href":"https:\/\/bbies.fr\/couches-lavables\/wp-json\/wp\/v2\/types\/product"}],"replies":[{"embeddable":true,"href":"https:\/\/bbies.fr\/couches-lavables\/wp-json\/wp\/v2\/comments?post=1729573"}],"wp:featuredmedia":[{"embeddable":true,"href":"https:\/\/bbies.fr\/couches-lavables\/wp-json\/wp\/v2\/media\/1729576"}],"wp:attachment":[{"href":"https:\/\/bbies.fr\/couches-lavables\/wp-json\/wp\/v2\/media?parent=1729573"}],"wp:term":[{"taxonomy":"product_brand","embeddable":true,"href":"https:\/\/bbies.fr\/couches-lavables\/wp-json\/wp\/v2\/product_brand?post=1729573"},{"taxonomy":"product_cat","embeddable":true,"href":"https:\/\/bbies.fr\/couches-lavables\/wp-json\/wp\/v2\/product_cat?post=1729573"},{"taxonomy":"product_tag","embeddable":true,"href":"https:\/\/bbies.fr\/couches-lavables\/wp-json\/wp\/v2\/product_tag?post=1729573"}],"curies":[{"name":"wp","href":"https:\/\/api.w.org\/{rel}","templated":true}]}}